{"id":5516,"date":"2025-06-10T12:27:15","date_gmt":"2025-06-10T10:27:15","guid":{"rendered":"https:\/\/clm-inclusiva.org\/?page_id=5516"},"modified":"2026-02-13T14:47:00","modified_gmt":"2026-02-13T12:47:00","slug":"conecta-tu-futuro","status":"publish","type":"page","link":"https:\/\/clm-inclusiva.org\/?page_id=5516","title":{"rendered":"Conecta tu futuro"},"content":{"rendered":"<p>[et_pb_section fb_built=&#8221;1&#8243; inner_shadow=&#8221;on&#8221; disabled_on=&#8221;off|off|off&#8221; admin_label=&#8221;banner&#8221; _builder_version=&#8221;4.1&#8243; background_color_gradient_direction=&#8221;94deg&#8221; background_enable_image=&#8221;off&#8221; max_width_tablet=&#8221;&#8221; max_width_phone=&#8221;&#8221; max_width_last_edited=&#8221;on|desktop&#8221; min_height=&#8221;0px&#8221; custom_margin=&#8221;0px||0px||false|false&#8221; custom_padding=&#8221;0px|0px|0px|0px|false|false&#8221; top_divider_color=&#8221;#ea6900&#8243; top_divider_height=&#8221;31px&#8221; top_divider_flip=&#8221;horizontal&#8221; top_divider_height_tablet=&#8221;&#8221; top_divider_height_phone=&#8221;&#8221; top_divider_height_last_edited=&#8221;on|desktop&#8221; bottom_divider_color=&#8221;#1119a3&#8243; bottom_divider_height=&#8221;45px&#8221; bottom_divider_flip=&#8221;horizontal&#8221; custom_css_after=&#8221;display: block;||position: absolute;||content: \u201d;||width: 100px;||height: 100px;||bottom: -50px;||left: 50%;||margin-left: -50px;||background-color: #dddddd; \/** cambia tu color ***\/||-ms-transform: rotate(45deg);||-webkit-transform: rotate(45deg);||transform: rotate(45deg);||z-index: 1;&#8221;][et_pb_row _builder_version=&#8221;4.1&#8243; width=&#8221;100%&#8221; max_width=&#8221;100%&#8221; custom_margin=&#8221;0px||||false|false&#8221; custom_padding=&#8221;0px||0px||false|false&#8221;][et_pb_column type=&#8221;4_4&#8243; _builder_version=&#8221;4.1&#8243;][et_pb_image src=&#8221;http:\/\/clm-inclusiva.org\/wp-content\/uploads\/2025\/06\/Conecta-tu-futuro.png&#8221; align=&#8221;center&#8221; _builder_version=&#8221;4.1&#8243;][\/et_pb_image][\/et_pb_column][\/et_pb_row][\/et_pb_section][et_pb_section fb_built=&#8221;1&#8243; inner_shadow=&#8221;on&#8221; disabled_on=&#8221;off|off|off&#8221; admin_label=&#8221;banner&#8221; _builder_version=&#8221;4.1&#8243; background_color=&#8221;rgba(0,0,0,0)&#8221; background_color_gradient_direction=&#8221;94deg&#8221; background_enable_image=&#8221;off&#8221; max_width_tablet=&#8221;&#8221; max_width_phone=&#8221;&#8221; max_width_last_edited=&#8221;on|desktop&#8221; min_height=&#8221;0px&#8221; custom_margin=&#8221;0px||0px||false|false&#8221; custom_padding=&#8221;0px|0px|0px|0px|false|false&#8221; top_divider_color=&#8221;#ea6900&#8243; top_divider_height=&#8221;31px&#8221; top_divider_flip=&#8221;horizontal&#8221; top_divider_height_tablet=&#8221;&#8221; top_divider_height_phone=&#8221;&#8221; top_divider_height_last_edited=&#8221;on|desktop&#8221; bottom_divider_color=&#8221;#1119a3&#8243; bottom_divider_height=&#8221;45px&#8221; bottom_divider_flip=&#8221;horizontal&#8221; custom_css_after=&#8221;display: block;||position: absolute;||content: \u201d;||width: 100px;||height: 100px;||bottom: -50px;||left: 50%;||margin-left: -50px;||background-color: #dddddd; \/** cambia tu color ***\/||-ms-transform: rotate(45deg);||-webkit-transform: rotate(45deg);||transform: rotate(45deg);||z-index: 1;&#8221;][et_pb_row make_equal=&#8221;on&#8221; _builder_version=&#8221;4.1&#8243; background_color=&#8221;rgba(0,0,0,0)&#8221; width=&#8221;90%&#8221; max_width=&#8221;90%&#8221; module_alignment=&#8221;center&#8221; custom_margin=&#8221;||||false|false&#8221; custom_padding=&#8221;0px||0px||false|false&#8221; border_radii=&#8221;off||||&#8221; border_color_all=&#8221;#000000&#8243; border_style_all=&#8221;dashed&#8221; locked=&#8221;off&#8221;][et_pb_column type=&#8221;4_4&#8243; _builder_version=&#8221;4.1&#8243; background_color=&#8221;rgba(0,0,0,0)&#8221;][et_pb_text _builder_version=&#8221;4.1&#8243; text_font=&#8221;|700|||||||&#8221; text_font_size=&#8221;22px&#8221; text_line_height=&#8221;1.9em&#8221; custom_margin=&#8221;40px||40px||true|false&#8221; custom_padding=&#8221;0px||0px||false|false&#8221;]<\/p>\n<p style=\"text-align: center;\">Desde CLM Inclusiva COCEMFE impulsamos un proyecto innovador que sit\u00faa a las personas con discapacidad y vulnerables en el centro del cambio digital y social. Itinerarios TIC para la Integraci\u00f3n Social y Laboral \u2013 Conecta Tu Futuro nace con el objetivo de mejorar la empleabilidad y la participaci\u00f3n comunitaria de las personas en situaci\u00f3n de vulnerabilidad, facilitando su acceso a las tecnolog\u00edas de la informaci\u00f3n y la comunicaci\u00f3n (TIC).<\/p>\n<p style=\"text-align: center;\">A trav\u00e9s de itinerarios individualizados, acompa\u00f1amiento cercano y formaci\u00f3n pr\u00e1ctica, este programa ofrece a los y las participantes las herramientas necesarias para navegar con autonom\u00eda y confianza en el mundo digital. Desde competencias b\u00e1sicas hasta habilidades profesionales avanzadas, promovemos el empoderamiento digital como v\u00eda de desarrollo personal, profesional y comunitario.<\/p>\n<p style=\"text-align: center;\">El proyecto se desarrolla en la provincia de Ciudad Real, con puntos f\u00edsicos de atenci\u00f3n en Ciudad Real y Puertollano, desde donde se coordina una red de entidades y recursos para hacer del acceso digital un derecho accesible para todas las personas.<\/p>\n<p style=\"text-align: center;\">Conecta tu futuro\u2026 porque la inclusi\u00f3n tambi\u00e9n se construye desde lo digital.<\/p>\n<p>[\/et_pb_text][\/et_pb_column][\/et_pb_row][et_pb_row column_structure=&#8221;1_3,1_3,1_3&#8243; make_equal=&#8221;on&#8221; _builder_version=&#8221;4.1&#8243; background_color=&#8221;rgba(0,0,0,0)&#8221; width=&#8221;90%&#8221; max_width=&#8221;90%&#8221; module_alignment=&#8221;center&#8221; custom_margin=&#8221;||||false|false&#8221; custom_css_main_element=&#8221;align-items: center;||text-align: center;&#8221; border_radii=&#8221;off||||&#8221; border_color_all=&#8221;#000000&#8243; border_style_all=&#8221;dashed&#8221; locked=&#8221;off&#8221;][et_pb_column type=&#8221;1_3&#8243; _builder_version=&#8221;4.1&#8243; background_color=&#8221;#3e9b8f&#8221; custom_css_main_element=&#8221;align-self: center;&#8221;][et_pb_text _builder_version=&#8221;4.1&#8243; _dynamic_attributes=&#8221;link_option_url&#8221; text_text_color=&#8221;#ffffff&#8221; text_font_size=&#8221;24px&#8221; text_line_height=&#8221;1.2em&#8221; custom_padding=&#8221;40px||40px||false|false&#8221; link_option_url=&#8221;@ET-DC@eyJkeW5hbWljIjp0cnVlLCJjb250ZW50IjoicG9zdF9saW5rX3VybF9wYWdlIiwic2V0dGluZ3MiOnsicG9zdF9pZCI6IjU1MjIifX0=@&#8221; box_shadow_style=&#8221;preset2&#8243;]<\/p>\n<p style=\"text-align: center;\">MINDFULNESS<\/p>\n<p style=\"text-align: center;\">DIGITAL<\/p>\n<p>[\/et_pb_text][\/et_pb_column][et_pb_column type=&#8221;1_3&#8243; _builder_version=&#8221;4.1&#8243; background_color=&#8221;#3e9b8f&#8221;][et_pb_text _builder_version=&#8221;4.1&#8243; _dynamic_attributes=&#8221;link_option_url&#8221; text_text_color=&#8221;#ffffff&#8221; text_font_size=&#8221;24px&#8221; text_line_height=&#8221;1.2em&#8221; custom_padding=&#8221;40px||40px||false|false&#8221; link_option_url=&#8221;@ET-DC@eyJkeW5hbWljIjp0cnVlLCJjb250ZW50IjoicG9zdF9saW5rX3VybF9wYWdlIiwic2V0dGluZ3MiOnsicG9zdF9pZCI6IjU1MzkifX0=@&#8221; box_shadow_style=&#8221;preset2&#8243;]<\/p>\n<p style=\"text-align: center;\">COMPETENCIAS<\/p>\n<p style=\"text-align: center;\">DIGITALES B\u00c1SICAS<\/p>\n<p>[\/et_pb_text][\/et_pb_column][et_pb_column type=&#8221;1_3&#8243; _builder_version=&#8221;4.1&#8243; background_color=&#8221;#3e9b8f&#8221;][et_pb_text _builder_version=&#8221;4.1&#8243; _dynamic_attributes=&#8221;link_option_url&#8221; text_text_color=&#8221;#ffffff&#8221; text_font_size=&#8221;24px&#8221; text_line_height=&#8221;1.2em&#8221; custom_padding=&#8221;40px||40px||false|false&#8221; link_option_url=&#8221;@ET-DC@eyJkeW5hbWljIjp0cnVlLCJjb250ZW50IjoicG9zdF9saW5rX3VybF9wYWdlIiwic2V0dGluZ3MiOnsicG9zdF9pZCI6IjU1NDMifX0=@&#8221; box_shadow_style=&#8221;preset2&#8243;]<\/p>\n<p style=\"text-align: center;\">COMPETENCIAS<\/p>\n<p style=\"text-align: center;\">DIGITALES AVANZADAS<\/p>\n<p>[\/et_pb_text][\/et_pb_column][\/et_pb_row][et_pb_row column_structure=&#8221;1_3,1_3,1_3&#8243; make_equal=&#8221;on&#8221; _builder_version=&#8221;4.1&#8243; background_color=&#8221;rgba(0,0,0,0)&#8221; width=&#8221;90%&#8221; max_width=&#8221;90%&#8221; module_alignment=&#8221;center&#8221; min_height=&#8221;250px&#8221; height=&#8221;250px&#8221; max_height=&#8221;250px&#8221; custom_margin=&#8221;||||false|false&#8221; custom_css_main_element=&#8221;align-items: center;||text-align: center;&#8221; border_radii=&#8221;off||||&#8221; border_color_all=&#8221;#000000&#8243; border_style_all=&#8221;dashed&#8221; locked=&#8221;off&#8221;][et_pb_column type=&#8221;1_3&#8243; _builder_version=&#8221;4.1&#8243; background_color=&#8221;#3e9b8f&#8221; custom_css_main_element=&#8221;align-self: center;&#8221;][et_pb_text _builder_version=&#8221;4.1&#8243; _dynamic_attributes=&#8221;link_option_url&#8221; text_text_color=&#8221;#ffffff&#8221; text_font_size=&#8221;24px&#8221; text_line_height=&#8221;1.2em&#8221; background_color=&#8221;rgba(0,0,0,0)&#8221; custom_padding=&#8221;65px||65px||true|false&#8221; link_option_url=&#8221;@ET-DC@eyJkeW5hbWljIjp0cnVlLCJjb250ZW50IjoicG9zdF9saW5rX3VybF9wYWdlIiwic2V0dGluZ3MiOnsicG9zdF9pZCI6IjU1NDgifX0=@&#8221; box_shadow_style=&#8221;preset2&#8243;]<\/p>\n<p style=\"text-align: center;\">PARTICIPACI\u00d3N<\/p>\n<p>[\/et_pb_text][\/et_pb_column][et_pb_column type=&#8221;1_3&#8243; _builder_version=&#8221;4.1&#8243; background_color=&#8221;#3e9b8f&#8221;][et_pb_text _builder_version=&#8221;4.1&#8243; _dynamic_attributes=&#8221;link_option_url&#8221; text_text_color=&#8221;#ffffff&#8221; text_font_size=&#8221;24px&#8221; text_line_height=&#8221;1.2em&#8221; custom_padding=&#8221;40px||40px||false|false&#8221; link_option_url=&#8221;@ET-DC@eyJkeW5hbWljIjp0cnVlLCJjb250ZW50IjoicG9zdF9saW5rX3VybF9wYWdlIiwic2V0dGluZ3MiOnsicG9zdF9pZCI6IjU1NTIifX0=@&#8221; box_shadow_style=&#8221;preset2&#8243;]<\/p>\n<p style=\"text-align: center;\">CONEXI\u00d3N LOCAL<\/p>\n<p style=\"text-align: center;\">INCLUSIVA<\/p>\n<p>[\/et_pb_text][\/et_pb_column][et_pb_column type=&#8221;1_3&#8243; _builder_version=&#8221;4.1&#8243; background_color=&#8221;#3e9b8f&#8221;][et_pb_text _builder_version=&#8221;4.1&#8243; _dynamic_attributes=&#8221;link_option_url&#8221; text_text_color=&#8221;#ffffff&#8221; text_font_size=&#8221;24px&#8221; text_line_height=&#8221;1.2em&#8221; custom_padding=&#8221;65px||65px||true|false&#8221; link_option_url=&#8221;@ET-DC@eyJkeW5hbWljIjp0cnVlLCJjb250ZW50IjoicG9zdF9saW5rX3VybF9wYWdlIiwic2V0dGluZ3MiOnsicG9zdF9pZCI6IjU1NTcifX0=@&#8221; box_shadow_style=&#8221;preset2&#8243;]<\/p>\n<p style=\"text-align: center;\">NOTICIAS<\/p>\n<p>[\/et_pb_text][\/et_pb_column][\/et_pb_row][\/et_pb_section][et_pb_section fb_built=&#8221;1&#8243; inner_shadow=&#8221;on&#8221; disabled_on=&#8221;off|off|off&#8221; admin_label=&#8221;banner&#8221; _builder_version=&#8221;4.1&#8243; background_color=&#8221;rgba(0,0,0,0)&#8221; background_color_gradient_direction=&#8221;94deg&#8221; background_enable_image=&#8221;off&#8221; max_width_tablet=&#8221;&#8221; max_width_phone=&#8221;&#8221; max_width_last_edited=&#8221;on|desktop&#8221; min_height=&#8221;0px&#8221; custom_margin=&#8221;0px||0px||false|false&#8221; custom_padding=&#8221;0px|0px|0px|0px|false|false&#8221; top_divider_color=&#8221;#ea6900&#8243; top_divider_height=&#8221;31px&#8221; top_divider_flip=&#8221;horizontal&#8221; top_divider_height_tablet=&#8221;&#8221; top_divider_height_phone=&#8221;&#8221; top_divider_height_last_edited=&#8221;on|desktop&#8221; bottom_divider_color=&#8221;#1119a3&#8243; bottom_divider_height=&#8221;45px&#8221; bottom_divider_flip=&#8221;horizontal&#8221; custom_css_after=&#8221;display: block;||position: absolute;||content: \u201d;||width: 100px;||height: 100px;||bottom: -50px;||left: 50%;||margin-left: -50px;||background-color: #dddddd; \/** cambia tu color ***\/||-ms-transform: rotate(45deg);||-webkit-transform: rotate(45deg);||transform: rotate(45deg);||z-index: 1;&#8221;][et_pb_row column_structure=&#8221;1_5,1_5,1_5,1_5,1_5&#8243; make_equal=&#8221;on&#8221; _builder_version=&#8221;4.1&#8243; background_color=&#8221;rgba(0,0,0,0)&#8221; width=&#8221;90%&#8221; max_width=&#8221;90%&#8221; module_alignment=&#8221;center&#8221; custom_margin=&#8221;||||false|false&#8221; custom_css_main_element=&#8221;align-items: center;||text-align: center;&#8221; border_radii=&#8221;off||||&#8221; border_color_all=&#8221;#000000&#8243; border_style_all=&#8221;dashed&#8221; locked=&#8221;off&#8221;][et_pb_column type=&#8221;1_5&#8243; _builder_version=&#8221;4.1&#8243; background_enable_color=&#8221;off&#8221; custom_css_main_element=&#8221;align-self: center;&#8221;][et_pb_image src=&#8221;http:\/\/clm-inclusiva.org\/wp-content\/uploads\/2025\/06\/LOGO-VECTORIZADO-CLM-INCLUSIVA-COCEMFE.png&#8221; _builder_version=&#8221;4.1&#8243; max_height=&#8221;300px&#8221;][\/et_pb_image][\/et_pb_column][et_pb_column type=&#8221;1_5&#8243; _builder_version=&#8221;4.1&#8243; background_enable_color=&#8221;off&#8221;][et_pb_image src=&#8221;http:\/\/clm-inclusiva.org\/wp-content\/uploads\/2025\/06\/logonuevoazul_0.png&#8221; _builder_version=&#8221;4.1&#8243; max_height=&#8221;150px&#8221;][\/et_pb_image][\/et_pb_column][et_pb_column type=&#8221;1_5&#8243; _builder_version=&#8221;4.1&#8243; background_enable_color=&#8221;off&#8221;][et_pb_image src=&#8221;http:\/\/clm-inclusiva.org\/wp-content\/uploads\/2025\/06\/Logo_vertical.png&#8221; _builder_version=&#8221;4.1&#8243; max_height=&#8221;150px&#8221;][\/et_pb_image][\/et_pb_column][et_pb_column type=&#8221;1_5&#8243; _builder_version=&#8221;4.1&#8243; background_enable_color=&#8221;off&#8221;][et_pb_image src=&#8221;http:\/\/clm-inclusiva.org\/wp-content\/uploads\/2025\/06\/logotipo-aytopuertollano-grises-vertical2x.png&#8221; _builder_version=&#8221;4.1&#8243; max_height=&#8221;150px&#8221;][\/et_pb_image][\/et_pb_column][et_pb_column type=&#8221;1_5&#8243; _builder_version=&#8221;4.1&#8243; background_enable_color=&#8221;off&#8221;][et_pb_image src=&#8221;http:\/\/clm-inclusiva.org\/wp-content\/uploads\/2025\/06\/fundacion-la-caixa.png&#8221; _builder_version=&#8221;4.1&#8243;][\/et_pb_image][\/et_pb_column][\/et_pb_row][\/et_pb_section]<\/p>\n","protected":false},"excerpt":{"rendered":"<p>[et_pb_section fb_built=&#8221;1&#8243; inner_shadow=&#8221;on&#8221; disabled_on=&#8221;off|off|off&#8221; admin_label=&#8221;banner&#8221; _builder_version=&#8221;4.1&#8243; background_color_gradient_direction=&#8221;94deg&#8221; background_enable_image=&#8221;off&#8221; max_width_tablet=&#8221;&#8221; max_width_phone=&#8221;&#8221; max_width_last_edited=&#8221;on|desktop&#8221; min_height=&#8221;0px&#8221; custom_margin=&#8221;0px||0px||false|false&#8221; custom_padding=&#8221;0px|0px|0px|0px|false|false&#8221; top_divider_color=&#8221;#ea6900&#8243; top_divider_height=&#8221;31px&#8221; top_divider_flip=&#8221;horizontal&#8221; top_divider_height_tablet=&#8221;&#8221; top_divider_height_phone=&#8221;&#8221; top_divider_height_last_edited=&#8221;on|desktop&#8221; bottom_divider_color=&#8221;#1119a3&#8243; bottom_divider_height=&#8221;45px&#8221; bottom_divider_flip=&#8221;horizontal&#8221; custom_css_after=&#8221;display: block;||position: absolute;||content: \u201d;||width: 100px;||height: 100px;||bottom: -50px;||left: 50%;||margin-left: -50px;||background-color: #dddddd; \/** cambia tu color ***\/||-ms-transform: rotate(45deg);||-webkit-transform: rotate(45deg);||transform: rotate(45deg);||z-index: 1;&#8221;][et_pb_row _builder_version=&#8221;4.1&#8243; width=&#8221;100%&#8221; max_width=&#8221;100%&#8221; custom_margin=&#8221;0px||||false|false&#8221; custom_padding=&#8221;0px||0px||false|false&#8221;][et_pb_column type=&#8221;4_4&#8243; _builder_version=&#8221;4.1&#8243;][et_pb_image src=&#8221;http:\/\/clm-inclusiva.org\/wp-content\/uploads\/2025\/06\/Conecta-tu-futuro.png&#8221; align=&#8221;center&#8221; _builder_version=&#8221;4.1&#8243;][\/et_pb_image][\/et_pb_column][\/et_pb_row][\/et_pb_section][et_pb_section fb_built=&#8221;1&#8243; inner_shadow=&#8221;on&#8221; disabled_on=&#8221;off|off|off&#8221; [&hellip;]<\/p>\n","protected":false},"author":1,"featured_media":0,"parent":0,"menu_order":0,"comment_status":"closed","ping_status":"closed","template":"","meta":{"_et_pb_use_builder":"on","_et_pb_old_content":"","_et_gb_content_width":"","footnotes":""},"yoast_head":"<!-- This site is optimized with the Yoast SEO plugin v21.3 - https:\/\/yoast.com\/wordpress\/plugins\/seo\/ -->\n<title>Conecta tu futuro - Clm-Inclusiva<\/title>\n<meta name=\"robots\" content=\"index, follow, max-snippet:-1, max-image-preview:large, max-video-preview:-1\" \/>\n<link rel=\"canonical\" href=\"https:\/\/clm-inclusiva.org\/?page_id=5516\" \/>\n<meta property=\"og:locale\" content=\"es_ES\" \/>\n<meta property=\"og:type\" content=\"article\" \/>\n<meta property=\"og:title\" content=\"Conecta tu futuro - Clm-Inclusiva\" \/>\n<meta property=\"og:description\" content=\"[et_pb_section fb_built=&#8221;1&#8243; inner_shadow=&#8221;on&#8221; disabled_on=&#8221;off|off|off&#8221; admin_label=&#8221;banner&#8221; _builder_version=&#8221;4.1&#8243; background_color_gradient_direction=&#8221;94deg&#8221; background_enable_image=&#8221;off&#8221; max_width_tablet=&#8221;&#8221; max_width_phone=&#8221;&#8221; max_width_last_edited=&#8221;on|desktop&#8221; min_height=&#8221;0px&#8221; custom_margin=&#8221;0px||0px||false|false&#8221; custom_padding=&#8221;0px|0px|0px|0px|false|false&#8221; top_divider_color=&#8221;#ea6900&#8243; top_divider_height=&#8221;31px&#8221; top_divider_flip=&#8221;horizontal&#8221; top_divider_height_tablet=&#8221;&#8221; top_divider_height_phone=&#8221;&#8221; top_divider_height_last_edited=&#8221;on|desktop&#8221; bottom_divider_color=&#8221;#1119a3&#8243; bottom_divider_height=&#8221;45px&#8221; bottom_divider_flip=&#8221;horizontal&#8221; custom_css_after=&#8221;display: block;||position: absolute;||content: \u201d;||width: 100px;||height: 100px;||bottom: -50px;||left: 50%;||margin-left: -50px;||background-color: #dddddd; \/** cambia tu color ***\/||-ms-transform: rotate(45deg);||-webkit-transform: rotate(45deg);||transform: rotate(45deg);||z-index: 1;&#8221;][et_pb_row _builder_version=&#8221;4.1&#8243; width=&#8221;100%&#8221; max_width=&#8221;100%&#8221; custom_margin=&#8221;0px||||false|false&#8221; custom_padding=&#8221;0px||0px||false|false&#8221;][et_pb_column type=&#8221;4_4&#8243; _builder_version=&#8221;4.1&#8243;][et_pb_image src=&#8221;http:\/\/clm-inclusiva.org\/wp-content\/uploads\/2025\/06\/Conecta-tu-futuro.png&#8221; align=&#8221;center&#8221; _builder_version=&#8221;4.1&#8243;][\/et_pb_image][\/et_pb_column][\/et_pb_row][\/et_pb_section][et_pb_section fb_built=&#8221;1&#8243; inner_shadow=&#8221;on&#8221; disabled_on=&#8221;off|off|off&#8221; [&hellip;]\" \/>\n<meta property=\"og:url\" content=\"https:\/\/clm-inclusiva.org\/?page_id=5516\" \/>\n<meta property=\"og:site_name\" content=\"Clm-Inclusiva\" \/>\n<meta property=\"article:publisher\" content=\"https:\/\/www.facebook.com\/castillalamancha.inclusiva\/\" \/>\n<meta property=\"article:modified_time\" content=\"2026-02-13T12:47:00+00:00\" \/>\n<meta name=\"twitter:card\" content=\"summary_large_image\" \/>\n<meta name=\"twitter:site\" content=\"@ClmInclusiva\" \/>\n<meta name=\"twitter:label1\" content=\"Tiempo de lectura\" \/>\n\t<meta name=\"twitter:data1\" content=\"3 minutos\" \/>\n<script type=\"application\/ld+json\" class=\"yoast-schema-graph\">{\"@context\":\"https:\/\/schema.org\",\"@graph\":[{\"@type\":\"WebPage\",\"@id\":\"https:\/\/clm-inclusiva.org\/?page_id=5516\",\"url\":\"https:\/\/clm-inclusiva.org\/?page_id=5516\",\"name\":\"Conecta tu futuro - Clm-Inclusiva\",\"isPartOf\":{\"@id\":\"https:\/\/clm-inclusiva.org\/#website\"},\"datePublished\":\"2025-06-10T10:27:15+00:00\",\"dateModified\":\"2026-02-13T12:47:00+00:00\",\"breadcrumb\":{\"@id\":\"https:\/\/clm-inclusiva.org\/?page_id=5516#breadcrumb\"},\"inLanguage\":\"es\",\"potentialAction\":[{\"@type\":\"ReadAction\",\"target\":[\"https:\/\/clm-inclusiva.org\/?page_id=5516\"]}]},{\"@type\":\"BreadcrumbList\",\"@id\":\"https:\/\/clm-inclusiva.org\/?page_id=5516#breadcrumb\",\"itemListElement\":[{\"@type\":\"ListItem\",\"position\":1,\"name\":\"Portada\",\"item\":\"https:\/\/clm-inclusiva.org\/\"},{\"@type\":\"ListItem\",\"position\":2,\"name\":\"Conecta tu futuro\"}]},{\"@type\":\"WebSite\",\"@id\":\"https:\/\/clm-inclusiva.org\/#website\",\"url\":\"https:\/\/clm-inclusiva.org\/\",\"name\":\"Clm-Inclusiva\",\"description\":\"Confederaci\u00f3n de entidades de personas con discapacidad f\u00edsica y org\u00e1nica CLM\",\"publisher\":{\"@id\":\"https:\/\/clm-inclusiva.org\/#organization\"},\"potentialAction\":[{\"@type\":\"SearchAction\",\"target\":{\"@type\":\"EntryPoint\",\"urlTemplate\":\"https:\/\/clm-inclusiva.org\/?s={search_term_string}\"},\"query-input\":\"required name=search_term_string\"}],\"inLanguage\":\"es\"},{\"@type\":\"Organization\",\"@id\":\"https:\/\/clm-inclusiva.org\/#organization\",\"name\":\"Clm-Inclusiva\",\"url\":\"https:\/\/clm-inclusiva.org\/\",\"logo\":{\"@type\":\"ImageObject\",\"inLanguage\":\"es\",\"@id\":\"https:\/\/clm-inclusiva.org\/#\/schema\/logo\/image\/\",\"url\":\"http:\/\/clm-inclusiva.org\/wp-content\/uploads\/2019\/04\/banner-e1533720812836.jpg\",\"contentUrl\":\"http:\/\/clm-inclusiva.org\/wp-content\/uploads\/2019\/04\/banner-e1533720812836.jpg\",\"width\":600,\"height\":332,\"caption\":\"Clm-Inclusiva\"},\"image\":{\"@id\":\"https:\/\/clm-inclusiva.org\/#\/schema\/logo\/image\/\"},\"sameAs\":[\"https:\/\/www.facebook.com\/castillalamancha.inclusiva\/\",\"https:\/\/twitter.com\/ClmInclusiva\"]}]}<\/script>\n<!-- \/ Yoast SEO plugin. -->","yoast_head_json":{"title":"Conecta tu futuro - Clm-Inclusiva","robots":{"index":"index","follow":"follow","max-snippet":"max-snippet:-1","max-image-preview":"max-image-preview:large","max-video-preview":"max-video-preview:-1"},"canonical":"https:\/\/clm-inclusiva.org\/?page_id=5516","og_locale":"es_ES","og_type":"article","og_title":"Conecta tu futuro - Clm-Inclusiva","og_description":"[et_pb_section fb_built=&#8221;1&#8243; inner_shadow=&#8221;on&#8221; disabled_on=&#8221;off|off|off&#8221; admin_label=&#8221;banner&#8221; _builder_version=&#8221;4.1&#8243; background_color_gradient_direction=&#8221;94deg&#8221; background_enable_image=&#8221;off&#8221; max_width_tablet=&#8221;&#8221; max_width_phone=&#8221;&#8221; max_width_last_edited=&#8221;on|desktop&#8221; min_height=&#8221;0px&#8221; custom_margin=&#8221;0px||0px||false|false&#8221; custom_padding=&#8221;0px|0px|0px|0px|false|false&#8221; top_divider_color=&#8221;#ea6900&#8243; top_divider_height=&#8221;31px&#8221; top_divider_flip=&#8221;horizontal&#8221; top_divider_height_tablet=&#8221;&#8221; top_divider_height_phone=&#8221;&#8221; top_divider_height_last_edited=&#8221;on|desktop&#8221; bottom_divider_color=&#8221;#1119a3&#8243; bottom_divider_height=&#8221;45px&#8221; bottom_divider_flip=&#8221;horizontal&#8221; custom_css_after=&#8221;display: block;||position: absolute;||content: \u201d;||width: 100px;||height: 100px;||bottom: -50px;||left: 50%;||margin-left: -50px;||background-color: #dddddd; \/** cambia tu color ***\/||-ms-transform: rotate(45deg);||-webkit-transform: rotate(45deg);||transform: rotate(45deg);||z-index: 1;&#8221;][et_pb_row _builder_version=&#8221;4.1&#8243; width=&#8221;100%&#8221; max_width=&#8221;100%&#8221; custom_margin=&#8221;0px||||false|false&#8221; custom_padding=&#8221;0px||0px||false|false&#8221;][et_pb_column type=&#8221;4_4&#8243; _builder_version=&#8221;4.1&#8243;][et_pb_image src=&#8221;http:\/\/clm-inclusiva.org\/wp-content\/uploads\/2025\/06\/Conecta-tu-futuro.png&#8221; align=&#8221;center&#8221; _builder_version=&#8221;4.1&#8243;][\/et_pb_image][\/et_pb_column][\/et_pb_row][\/et_pb_section][et_pb_section fb_built=&#8221;1&#8243; inner_shadow=&#8221;on&#8221; disabled_on=&#8221;off|off|off&#8221; [&hellip;]","og_url":"https:\/\/clm-inclusiva.org\/?page_id=5516","og_site_name":"Clm-Inclusiva","article_publisher":"https:\/\/www.facebook.com\/castillalamancha.inclusiva\/","article_modified_time":"2026-02-13T12:47:00+00:00","twitter_card":"summary_large_image","twitter_site":"@ClmInclusiva","twitter_misc":{"Tiempo de lectura":"3 minutos"},"schema":{"@context":"https:\/\/schema.org","@graph":[{"@type":"WebPage","@id":"https:\/\/clm-inclusiva.org\/?page_id=5516","url":"https:\/\/clm-inclusiva.org\/?page_id=5516","name":"Conecta tu futuro - Clm-Inclusiva","isPartOf":{"@id":"https:\/\/clm-inclusiva.org\/#website"},"datePublished":"2025-06-10T10:27:15+00:00","dateModified":"2026-02-13T12:47:00+00:00","breadcrumb":{"@id":"https:\/\/clm-inclusiva.org\/?page_id=5516#breadcrumb"},"inLanguage":"es","potentialAction":[{"@type":"ReadAction","target":["https:\/\/clm-inclusiva.org\/?page_id=5516"]}]},{"@type":"BreadcrumbList","@id":"https:\/\/clm-inclusiva.org\/?page_id=5516#breadcrumb","itemListElement":[{"@type":"ListItem","position":1,"name":"Portada","item":"https:\/\/clm-inclusiva.org\/"},{"@type":"ListItem","position":2,"name":"Conecta tu futuro"}]},{"@type":"WebSite","@id":"https:\/\/clm-inclusiva.org\/#website","url":"https:\/\/clm-inclusiva.org\/","name":"Clm-Inclusiva","description":"Confederaci\u00f3n de entidades de personas con discapacidad f\u00edsica y org\u00e1nica CLM","publisher":{"@id":"https:\/\/clm-inclusiva.org\/#organization"},"potentialAction":[{"@type":"SearchAction","target":{"@type":"EntryPoint","urlTemplate":"https:\/\/clm-inclusiva.org\/?s={search_term_string}"},"query-input":"required name=search_term_string"}],"inLanguage":"es"},{"@type":"Organization","@id":"https:\/\/clm-inclusiva.org\/#organization","name":"Clm-Inclusiva","url":"https:\/\/clm-inclusiva.org\/","logo":{"@type":"ImageObject","inLanguage":"es","@id":"https:\/\/clm-inclusiva.org\/#\/schema\/logo\/image\/","url":"http:\/\/clm-inclusiva.org\/wp-content\/uploads\/2019\/04\/banner-e1533720812836.jpg","contentUrl":"http:\/\/clm-inclusiva.org\/wp-content\/uploads\/2019\/04\/banner-e1533720812836.jpg","width":600,"height":332,"caption":"Clm-Inclusiva"},"image":{"@id":"https:\/\/clm-inclusiva.org\/#\/schema\/logo\/image\/"},"sameAs":["https:\/\/www.facebook.com\/castillalamancha.inclusiva\/","https:\/\/twitter.com\/ClmInclusiva"]}]}},"_links":{"self":[{"href":"https:\/\/clm-inclusiva.org\/index.php?rest_route=\/wp\/v2\/pages\/5516"}],"collection":[{"href":"https:\/\/clm-inclusiva.org\/index.php?rest_route=\/wp\/v2\/pages"}],"about":[{"href":"https:\/\/clm-inclusiva.org\/index.php?rest_route=\/wp\/v2\/types\/page"}],"author":[{"embeddable":true,"href":"https:\/\/clm-inclusiva.org\/index.php?rest_route=\/wp\/v2\/users\/1"}],"replies":[{"embeddable":true,"href":"https:\/\/clm-inclusiva.org\/index.php?rest_route=%2Fwp%2Fv2%2Fcomments&post=5516"}],"version-history":[{"count":11,"href":"https:\/\/clm-inclusiva.org\/index.php?rest_route=\/wp\/v2\/pages\/5516\/revisions"}],"predecessor-version":[{"id":5754,"href":"https:\/\/clm-inclusiva.org\/index.php?rest_route=\/wp\/v2\/pages\/5516\/revisions\/5754"}],"wp:attachment":[{"href":"https:\/\/clm-inclusiva.org\/index.php?rest_route=%2Fwp%2Fv2%2Fmedia&parent=5516"}],"curies":[{"name":"wp","href":"https:\/\/api.w.org\/{rel}","templated":true}]}}