{"id":4921,"date":"2023-10-02T22:30:40","date_gmt":"2023-10-02T20:30:40","guid":{"rendered":"http:\/\/clm-inclusiva.org\/?page_id=4921"},"modified":"2025-04-04T10:45:26","modified_gmt":"2025-04-04T08:45:26","slug":"organziacion","status":"publish","type":"page","link":"https:\/\/clm-inclusiva.org\/?page_id=4921","title":{"rendered":"Organizacion"},"content":{"rendered":"<p>[et_pb_section fb_built=&#8221;1&#8243; inner_shadow=&#8221;on&#8221; disabled_on=&#8221;off|off|off&#8221; admin_label=&#8221;banner&#8221; _builder_version=&#8221;4.1&#8243; background_color_gradient_direction=&#8221;94deg&#8221; background_enable_image=&#8221;off&#8221; max_width_tablet=&#8221;&#8221; max_width_phone=&#8221;&#8221; max_width_last_edited=&#8221;on|desktop&#8221; min_height=&#8221;0px&#8221; custom_margin=&#8221;0px||0px||false|false&#8221; custom_padding=&#8221;0px|0px|0px|0px|false|false&#8221; top_divider_color=&#8221;#ea6900&#8243; top_divider_height=&#8221;31px&#8221; top_divider_flip=&#8221;horizontal&#8221; top_divider_height_tablet=&#8221;&#8221; top_divider_height_phone=&#8221;&#8221; top_divider_height_last_edited=&#8221;on|desktop&#8221; bottom_divider_color=&#8221;#1119a3&#8243; bottom_divider_height=&#8221;45px&#8221; bottom_divider_flip=&#8221;horizontal&#8221; custom_css_after=&#8221;display: block;||position: absolute;||content: \u201d;||width: 100px;||height: 100px;||bottom: -50px;||left: 50%;||margin-left: -50px;||background-color: #dddddd; \/** cambia tu color ***\/||-ms-transform: rotate(45deg);||-webkit-transform: rotate(45deg);||transform: rotate(45deg);||z-index: 1;&#8221;][et_pb_row _builder_version=&#8221;4.1&#8243; width=&#8221;100%&#8221; max_width=&#8221;100%&#8221; custom_margin=&#8221;0px||||false|false&#8221; custom_padding=&#8221;0px||0px||false|false&#8221;][et_pb_column type=&#8221;4_4&#8243; _builder_version=&#8221;4.1&#8243;][et_pb_text _builder_version=&#8221;4.1&#8243; text_font=&#8221;|600|||||||&#8221; text_text_color=&#8221;#000000&#8243; text_font_size=&#8221;80px&#8221; custom_margin=&#8221;40px||||false|false&#8221;]<\/p>\n<p style=\"text-align: center;\">NUESTRA<\/p>\n<p>[\/et_pb_text][et_pb_text _builder_version=&#8221;4.1&#8243; text_font=&#8221;|700|||||||&#8221; text_text_color=&#8221;#000000&#8243; text_font_size=&#8221;80px&#8221; custom_margin=&#8221;40px||||false|false&#8221;]<\/p>\n<p style=\"text-align: center;\"><strong>ORGANIZACI\u00d3N<\/strong><\/p>\n<p>[\/et_pb_text][et_pb_divider divider_weight=&#8221;20px&#8221; _builder_version=&#8221;4.1&#8243; width=&#8221;200px&#8221; module_alignment=&#8221;center&#8221;][\/et_pb_divider][et_pb_text _builder_version=&#8221;4.1&#8243; text_font=&#8221;|600|||||||&#8221; text_text_color=&#8221;#000000&#8243; text_font_size=&#8221;30px&#8221; text_line_height=&#8221;1.71em&#8221; custom_margin=&#8221;40px||||false|false&#8221;]<\/p>\n<p style=\"text-align: center;\"><strong>CLM Inclusiva COCEMFE<\/strong> se rige por el sistema de autogobierno y los principios de<br \/> representaci\u00f3n y funcionamiento democr\u00e1tico. Bajo el principio de democracia paritaria, se<br \/> esfuerza en buscar el equilibrio de g\u00e9nero en la provisi\u00f3n de los cargos sociales y en la<br \/> composici\u00f3n de los \u00f3rganos de Gobierno hasta conseguir la paridad.<\/p>\n<p>[\/et_pb_text][et_pb_text _builder_version=&#8221;4.1&#8243; text_font=&#8221;|600|||||||&#8221; text_text_color=&#8221;#000000&#8243; text_font_size=&#8221;80px&#8221; custom_margin=&#8221;120px||||false|false&#8221;]<\/p>\n<p style=\"text-align: center;\">Asamblea General<\/p>\n<p>[\/et_pb_text][et_pb_text _builder_version=&#8221;4.1&#8243; text_font=&#8221;|600|||||||&#8221; text_text_color=&#8221;#000000&#8243; text_font_size=&#8221;30px&#8221; text_line_height=&#8221;1.71em&#8221; custom_margin=&#8221;40px||||false|false&#8221;]<\/p>\n<p style=\"text-align: center;\">Es el m\u00e1ximo \u00f3rgano de gobierno de CLM Inclusiva COCEMFE, y est\u00e1<br \/>integrado por representantes de todas las entidades miembros de la<br \/>Confederaci\u00f3n y se re\u00fane, al menos, una vez al a\u00f1o con car\u00e1cter ordinario.<\/p>\n<p>[\/et_pb_text][et_pb_button button_url=&#8221;@ET-DC@eyJkeW5hbWljIjp0cnVlLCJjb250ZW50IjoicG9zdF9saW5rX3VybF9wYWdlIiwic2V0dGluZ3MiOnsicG9zdF9pZCI6IjExMzIifX0=@&#8221; button_text=&#8221;Ver entidades miembro&#8221; button_alignment=&#8221;center&#8221; _builder_version=&#8221;4.1&#8243; _dynamic_attributes=&#8221;button_url&#8221; custom_button=&#8221;on&#8221; button_text_size=&#8221;24px&#8221; button_text_color=&#8221;#ffffff&#8221; button_bg_color=&#8221;#f89f56&#8243; button_border_width=&#8221;0px&#8221; button_border_radius=&#8221;25px&#8221; button_font=&#8221;|700|||||||&#8221;][\/et_pb_button][\/et_pb_column][\/et_pb_row][\/et_pb_section][et_pb_section fb_built=&#8221;1&#8243; _builder_version=&#8221;4.1&#8243; custom_margin=&#8221;80px|0px|0px|0px|false|false&#8221; custom_padding=&#8221;0px|0px|0px|0px|false|false&#8221;][et_pb_row _builder_version=&#8221;4.1&#8243; width=&#8221;100%&#8221; max_width=&#8221;100%&#8221; module_alignment=&#8221;center&#8221; custom_margin=&#8221;0px|0px|0px|0px|false|false&#8221; custom_padding=&#8221;0px|0px|0px|0px|false|false&#8221;][et_pb_column type=&#8221;4_4&#8243; _builder_version=&#8221;4.1&#8243;][\/et_pb_column][\/et_pb_row][\/et_pb_section][et_pb_section fb_built=&#8221;1&#8243; _builder_version=&#8221;4.1&#8243; background_image=&#8221;http:\/\/clm-inclusiva.org\/wp-content\/uploads\/2023\/03\/Quienes-Somos-3-1-1.jpg&#8221; min_height=&#8221;600px&#8221; height=&#8221;600px&#8221; locked=&#8221;off&#8221;][et_pb_row column_structure=&#8221;1_2,1_2&#8243; _builder_version=&#8221;4.1&#8243; width=&#8221;100%&#8221; max_width=&#8221;100%&#8221;][et_pb_column type=&#8221;1_2&#8243; _builder_version=&#8221;4.1&#8243;][et_pb_text _builder_version=&#8221;4.1&#8243; text_font=&#8221;|800|||||||&#8221; text_text_color=&#8221;#ffffff&#8221; text_font_size=&#8221;70px&#8221; text_line_height=&#8221;1.3em&#8221; width=&#8221;50%&#8221; max_width=&#8221;50%&#8221; module_alignment=&#8221;center&#8221;]Junta<br \/>\nDirectiva[\/et_pb_text][\/et_pb_column][et_pb_column type=&#8221;1_2&#8243; _builder_version=&#8221;4.1&#8243;][et_pb_image src=&#8221;http:\/\/clm-inclusiva.org\/wp-content\/uploads\/2023\/03\/Quienes-Somos-3-2.png&#8221; _builder_version=&#8221;4.1&#8243;][\/et_pb_image][\/et_pb_column][\/et_pb_row][\/et_pb_section][et_pb_section fb_built=&#8221;1&#8243; _builder_version=&#8221;4.1&#8243;][et_pb_row column_structure=&#8221;1_4,1_4,1_4,1_4&#8243; _builder_version=&#8221;4.1&#8243; width=&#8221;90%&#8221; max_width=&#8221;90%&#8221;][et_pb_column type=&#8221;1_4&#8243; _builder_version=&#8221;4.1&#8243;][et_pb_button button_text=&#8221;PRESIDENCIA&#8221; button_alignment=&#8221;center&#8221; _builder_version=&#8221;4.1&#8243; custom_button=&#8221;on&#8221; button_text_size=&#8221;24px&#8221; button_text_color=&#8221;#ffffff&#8221; button_bg_color=&#8221;#50ab9f&#8221; button_border_width=&#8221;0px&#8221; button_border_radius=&#8221;0px&#8221; button_font=&#8221;|700|||||||&#8221; button_use_icon=&#8221;off&#8221; custom_padding=&#8221;10px|40px|10px|40px|false|false&#8221;][\/et_pb_button][et_pb_text _builder_version=&#8221;4.1&#8243; text_font=&#8221;|600|||||||&#8221; text_font_size=&#8221;22px&#8221; custom_margin=&#8221;-20px||||false|false&#8221;]<\/p>\n<p style=\"text-align: center;\">Enrique Alarc\u00f3n Garc\u00eda<\/p>\n<p>[\/et_pb_text][\/et_pb_column][et_pb_column type=&#8221;1_4&#8243; _builder_version=&#8221;4.1&#8243;][et_pb_button button_text=&#8221;VICEPRESIDENCIA&#8221; button_alignment=&#8221;center&#8221; _builder_version=&#8221;4.1&#8243; custom_button=&#8221;on&#8221; button_text_size=&#8221;24px&#8221; button_text_color=&#8221;#ffffff&#8221; button_bg_color=&#8221;#50ab9f&#8221; button_border_width=&#8221;0px&#8221; button_border_radius=&#8221;0px&#8221; button_font=&#8221;|700|||||||&#8221; button_use_icon=&#8221;off&#8221; custom_padding=&#8221;10px|40px|10px|40px|false|false&#8221;][\/et_pb_button][et_pb_text _builder_version=&#8221;4.1&#8243; text_font=&#8221;|600|||||||&#8221; text_font_size=&#8221;22px&#8221; custom_margin=&#8221;-20px||||false|false&#8221;]<\/p>\n<p style=\"text-align: center;\">Mar\u00eda Luisa Hern\u00e1ndez Laseca<\/p>\n<p>[\/et_pb_text][\/et_pb_column][et_pb_column type=&#8221;1_4&#8243; _builder_version=&#8221;4.1&#8243;][et_pb_button button_text=&#8221;VICEPRESIDENCIA&#8221; button_alignment=&#8221;center&#8221; _builder_version=&#8221;4.1&#8243; custom_button=&#8221;on&#8221; button_text_size=&#8221;24px&#8221; button_text_color=&#8221;#ffffff&#8221; button_bg_color=&#8221;#50ab9f&#8221; button_border_width=&#8221;0px&#8221; button_border_radius=&#8221;0px&#8221; button_font=&#8221;|700|||||||&#8221; button_use_icon=&#8221;off&#8221; custom_padding=&#8221;10px|40px|10px|40px|false|false&#8221;][\/et_pb_button][et_pb_text _builder_version=&#8221;4.1&#8243; text_font=&#8221;|600|||||||&#8221; text_font_size=&#8221;22px&#8221; custom_margin=&#8221;-20px||||false|false&#8221;]<\/p>\n<p style=\"text-align: center;\">Marcelino Escobar Armero<\/p>\n<p>[\/et_pb_text][\/et_pb_column][et_pb_column type=&#8221;1_4&#8243; _builder_version=&#8221;4.1&#8243;][et_pb_button button_text=&#8221;VICEPRESIDENCIA&#8221; button_alignment=&#8221;center&#8221; _builder_version=&#8221;4.1&#8243; custom_button=&#8221;on&#8221; button_text_size=&#8221;24px&#8221; button_text_color=&#8221;#ffffff&#8221; button_bg_color=&#8221;#50ab9f&#8221; button_border_width=&#8221;0px&#8221; button_border_radius=&#8221;0px&#8221; button_font=&#8221;|700|||||||&#8221; button_use_icon=&#8221;off&#8221; custom_padding=&#8221;10px|40px|10px|40px|false|false&#8221;][\/et_pb_button][et_pb_text _builder_version=&#8221;4.1&#8243; text_font=&#8221;|600|||||||&#8221; text_font_size=&#8221;22px&#8221; custom_margin=&#8221;-20px||||false|false&#8221;]<\/p>\n<p style=\"text-align: center;\">Sergio Villar Gonz\u00e1lez<\/p>\n<p>[\/et_pb_text][\/et_pb_column][\/et_pb_row][et_pb_row column_structure=&#8221;1_4,1_4,1_4,1_4&#8243; _builder_version=&#8221;4.1&#8243; width=&#8221;90%&#8221; max_width=&#8221;90%&#8221; custom_margin=&#8221;40px||||false|false&#8221;][et_pb_column type=&#8221;1_4&#8243; _builder_version=&#8221;4.1&#8243;][et_pb_button button_text=&#8221;VICEPRESIDENCIA&#8221; button_alignment=&#8221;center&#8221; _builder_version=&#8221;4.1&#8243; custom_button=&#8221;on&#8221; button_text_size=&#8221;24px&#8221; button_text_color=&#8221;#ffffff&#8221; button_bg_color=&#8221;#50ab9f&#8221; button_border_width=&#8221;0px&#8221; button_border_radius=&#8221;0px&#8221; button_font=&#8221;|700|||||||&#8221; button_use_icon=&#8221;off&#8221; custom_padding=&#8221;10px|40px|10px|40px|false|false&#8221;][\/et_pb_button][et_pb_text _builder_version=&#8221;4.1&#8243; text_font=&#8221;|600|||||||&#8221; text_font_size=&#8221;22px&#8221; custom_margin=&#8221;-20px||||false|false&#8221;]<\/p>\n<p style=\"text-align: center;\">\u00c1ngel Pablo Sendarrubias S\u00e1nchez<\/p>\n<p>[\/et_pb_text][\/et_pb_column][et_pb_column type=&#8221;1_4&#8243; _builder_version=&#8221;4.1&#8243;][et_pb_button button_text=&#8221;VICEPRESIDENCIA&#8221; button_alignment=&#8221;center&#8221; _builder_version=&#8221;4.1&#8243; custom_button=&#8221;on&#8221; button_text_size=&#8221;24px&#8221; button_text_color=&#8221;#ffffff&#8221; button_bg_color=&#8221;#50ab9f&#8221; button_border_width=&#8221;0px&#8221; button_border_radius=&#8221;0px&#8221; button_font=&#8221;|700|||||||&#8221; button_use_icon=&#8221;off&#8221; custom_padding=&#8221;10px|40px|10px|40px|false|false&#8221;][\/et_pb_button][et_pb_text _builder_version=&#8221;4.1&#8243; text_font=&#8221;|600|||||||&#8221; text_font_size=&#8221;22px&#8221; custom_margin=&#8221;-20px||||false|false&#8221;]<\/p>\n<p style=\"text-align: center;\">Marta Montero Torrecilla<\/p>\n<p>[\/et_pb_text][\/et_pb_column][et_pb_column type=&#8221;1_4&#8243; _builder_version=&#8221;4.1&#8243;][et_pb_button button_text=&#8221;SECRETAR\u00cdA&#8221; button_alignment=&#8221;center&#8221; _builder_version=&#8221;4.1&#8243; custom_button=&#8221;on&#8221; button_text_size=&#8221;24px&#8221; button_text_color=&#8221;#ffffff&#8221; button_bg_color=&#8221;#50ab9f&#8221; button_border_width=&#8221;0px&#8221; button_border_radius=&#8221;0px&#8221; button_font=&#8221;|700|||||||&#8221; button_use_icon=&#8221;off&#8221; custom_padding=&#8221;10px|40px|10px|40px|false|false&#8221;][\/et_pb_button][et_pb_text _builder_version=&#8221;4.1&#8243; text_font=&#8221;|600|||||||&#8221; text_font_size=&#8221;22px&#8221; custom_margin=&#8221;-20px||||false|false&#8221;]<\/p>\n<p style=\"text-align: center;\">Francisco Javier Cebri\u00e1n C\u00f3rdoba<\/p>\n<p>[\/et_pb_text][\/et_pb_column][et_pb_column type=&#8221;1_4&#8243; _builder_version=&#8221;4.1&#8243;][et_pb_button button_text=&#8221;TESORER\u00cdA&#8221; button_alignment=&#8221;center&#8221; _builder_version=&#8221;4.1&#8243; custom_button=&#8221;on&#8221; button_text_size=&#8221;24px&#8221; button_text_color=&#8221;#ffffff&#8221; button_bg_color=&#8221;#50ab9f&#8221; button_border_width=&#8221;0px&#8221; button_border_radius=&#8221;0px&#8221; button_font=&#8221;|700|||||||&#8221; button_use_icon=&#8221;off&#8221; custom_padding=&#8221;10px|40px|10px|40px|false|false&#8221;][\/et_pb_button][et_pb_text _builder_version=&#8221;4.1&#8243; text_font=&#8221;|600|||||||&#8221; text_font_size=&#8221;22px&#8221; custom_margin=&#8221;-20px||||false|false&#8221;]<\/p>\n<p style=\"text-align: center;\">Pedro Jes\u00fas S\u00e1ez Cruz<\/p>\n<p>[\/et_pb_text][\/et_pb_column][\/et_pb_row][et_pb_row column_structure=&#8221;1_4,1_4,1_4,1_4&#8243; _builder_version=&#8221;4.1&#8243; width=&#8221;90%&#8221; max_width=&#8221;90%&#8221; custom_margin=&#8221;40px||||false|false&#8221;][et_pb_column type=&#8221;1_4&#8243; _builder_version=&#8221;4.1&#8243;][et_pb_button button_text=&#8221;VOCAL&#8221; button_alignment=&#8221;center&#8221; _builder_version=&#8221;4.1&#8243; custom_button=&#8221;on&#8221; button_text_size=&#8221;24px&#8221; button_text_color=&#8221;#ffffff&#8221; button_bg_color=&#8221;#50ab9f&#8221; button_border_width=&#8221;0px&#8221; button_border_radius=&#8221;0px&#8221; button_font=&#8221;|700|||||||&#8221; button_use_icon=&#8221;off&#8221; custom_padding=&#8221;10px|40px|10px|40px|false|false&#8221;][\/et_pb_button][et_pb_text _builder_version=&#8221;4.1&#8243; text_font=&#8221;|600|||||||&#8221; text_font_size=&#8221;22px&#8221; custom_margin=&#8221;-20px||||false|false&#8221;]<\/p>\n<p style=\"text-align: center;\">Antonio Acebal Mi\u00f1ano<\/p>\n<p>[\/et_pb_text][\/et_pb_column][et_pb_column type=&#8221;1_4&#8243; _builder_version=&#8221;4.1&#8243;][et_pb_button button_text=&#8221;VOCAL&#8221; button_alignment=&#8221;center&#8221; _builder_version=&#8221;4.1&#8243; custom_button=&#8221;on&#8221; button_text_size=&#8221;24px&#8221; button_text_color=&#8221;#ffffff&#8221; button_bg_color=&#8221;#50ab9f&#8221; button_border_width=&#8221;0px&#8221; button_border_radius=&#8221;0px&#8221; button_font=&#8221;|700|||||||&#8221; button_use_icon=&#8221;off&#8221; custom_padding=&#8221;10px|40px|10px|40px|false|false&#8221;][\/et_pb_button][et_pb_text _builder_version=&#8221;4.1&#8243; text_font=&#8221;|600|||||||&#8221; text_font_size=&#8221;22px&#8221; custom_margin=&#8221;-20px||||false|false&#8221;]<\/p>\n<p style=\"text-align: center;\">Mar\u00eda Teresa L\u00f3pez Ba\u00f1\u00f3n<\/p>\n<p>[\/et_pb_text][\/et_pb_column][et_pb_column type=&#8221;1_4&#8243; _builder_version=&#8221;4.1&#8243;][et_pb_button button_text=&#8221;VOCAL&#8221; button_alignment=&#8221;center&#8221; _builder_version=&#8221;4.1&#8243; custom_button=&#8221;on&#8221; button_text_size=&#8221;24px&#8221; button_text_color=&#8221;#ffffff&#8221; button_bg_color=&#8221;#50ab9f&#8221; button_border_width=&#8221;0px&#8221; button_border_radius=&#8221;0px&#8221; button_font=&#8221;|700|||||||&#8221; button_use_icon=&#8221;off&#8221; custom_padding=&#8221;10px|40px|10px|40px|false|false&#8221;][\/et_pb_button][et_pb_text _builder_version=&#8221;4.1&#8243; text_font=&#8221;|600|||||||&#8221; text_font_size=&#8221;22px&#8221; custom_margin=&#8221;-20px||||false|false&#8221;]<\/p>\n<p style=\"text-align: center;\">Catalina Haro Mart\u00ednez<\/p>\n<p>[\/et_pb_text][\/et_pb_column][et_pb_column type=&#8221;1_4&#8243; _builder_version=&#8221;4.1&#8243;][et_pb_button button_text=&#8221;VOCAL&#8221; button_alignment=&#8221;center&#8221; _builder_version=&#8221;4.1&#8243; custom_button=&#8221;on&#8221; button_text_size=&#8221;24px&#8221; button_text_color=&#8221;#ffffff&#8221; button_bg_color=&#8221;#50ab9f&#8221; button_border_width=&#8221;0px&#8221; button_border_radius=&#8221;0px&#8221; button_font=&#8221;|700|||||||&#8221; button_use_icon=&#8221;off&#8221; custom_padding=&#8221;10px|40px|10px|40px|false|false&#8221;][\/et_pb_button][et_pb_text _builder_version=&#8221;4.1&#8243; text_font=&#8221;|600|||||||&#8221; text_font_size=&#8221;22px&#8221; custom_margin=&#8221;-20px||||false|false&#8221;]<\/p>\n<p style=\"text-align: center;\">Ana Utrilla Torres<\/p>\n<p>[\/et_pb_text][\/et_pb_column][\/et_pb_row][et_pb_row column_structure=&#8221;1_4,1_4,1_4,1_4&#8243; _builder_version=&#8221;4.1&#8243; width=&#8221;90%&#8221; max_width=&#8221;90%&#8221; custom_margin=&#8221;40px||||false|false&#8221;][et_pb_column type=&#8221;1_4&#8243; _builder_version=&#8221;4.1&#8243;][et_pb_button button_text=&#8221;VOCAL&#8221; button_alignment=&#8221;center&#8221; _builder_version=&#8221;4.1&#8243; custom_button=&#8221;on&#8221; button_text_size=&#8221;24px&#8221; button_text_color=&#8221;#ffffff&#8221; button_bg_color=&#8221;#50ab9f&#8221; button_border_width=&#8221;0px&#8221; button_border_radius=&#8221;0px&#8221; button_font=&#8221;|700|||||||&#8221; button_use_icon=&#8221;off&#8221; custom_padding=&#8221;10px|40px|10px|40px|false|false&#8221;][\/et_pb_button][et_pb_text _builder_version=&#8221;4.1&#8243; text_font=&#8221;|600|||||||&#8221; text_font_size=&#8221;22px&#8221; custom_margin=&#8221;-20px||||false|false&#8221;]<\/p>\n<p style=\"text-align: center;\">Javier Bartolom\u00e9 de Gracia<\/p>\n<p>[\/et_pb_text][\/et_pb_column][et_pb_column type=&#8221;1_4&#8243; _builder_version=&#8221;4.1&#8243;][\/et_pb_column][et_pb_column type=&#8221;1_4&#8243; _builder_version=&#8221;4.1&#8243;][\/et_pb_column][et_pb_column type=&#8221;1_4&#8243; _builder_version=&#8221;4.1&#8243;][\/et_pb_column][\/et_pb_row][\/et_pb_section]<\/p>\n","protected":false},"excerpt":{"rendered":"<p>[et_pb_section fb_built=&#8221;1&#8243; inner_shadow=&#8221;on&#8221; disabled_on=&#8221;off|off|off&#8221; admin_label=&#8221;banner&#8221; _builder_version=&#8221;4.1&#8243; background_color_gradient_direction=&#8221;94deg&#8221; background_enable_image=&#8221;off&#8221; max_width_tablet=&#8221;&#8221; max_width_phone=&#8221;&#8221; max_width_last_edited=&#8221;on|desktop&#8221; min_height=&#8221;0px&#8221; custom_margin=&#8221;0px||0px||false|false&#8221; custom_padding=&#8221;0px|0px|0px|0px|false|false&#8221; top_divider_color=&#8221;#ea6900&#8243; top_divider_height=&#8221;31px&#8221; top_divider_flip=&#8221;horizontal&#8221; top_divider_height_tablet=&#8221;&#8221; top_divider_height_phone=&#8221;&#8221; top_divider_height_last_edited=&#8221;on|desktop&#8221; bottom_divider_color=&#8221;#1119a3&#8243; bottom_divider_height=&#8221;45px&#8221; bottom_divider_flip=&#8221;horizontal&#8221; custom_css_after=&#8221;display: block;||position: absolute;||content: \u201d;||width: 100px;||height: 100px;||bottom: -50px;||left: 50%;||margin-left: -50px;||background-color: #dddddd; \/** cambia tu color ***\/||-ms-transform: rotate(45deg);||-webkit-transform: rotate(45deg);||transform: rotate(45deg);||z-index: 1;&#8221;][et_pb_row _builder_version=&#8221;4.1&#8243; width=&#8221;100%&#8221; max_width=&#8221;100%&#8221; custom_margin=&#8221;0px||||false|false&#8221; custom_padding=&#8221;0px||0px||false|false&#8221;][et_pb_column type=&#8221;4_4&#8243; _builder_version=&#8221;4.1&#8243;][et_pb_text _builder_version=&#8221;4.1&#8243; text_font=&#8221;|600|||||||&#8221; text_text_color=&#8221;#000000&#8243; text_font_size=&#8221;80px&#8221; custom_margin=&#8221;40px||||false|false&#8221;] NUESTRA [&hellip;]<\/p>\n","protected":false},"author":1,"featured_media":0,"parent":0,"menu_order":0,"comment_status":"open","ping_status":"closed","template":"","meta":{"_et_pb_use_builder":"on","_et_pb_old_content":"","_et_gb_content_width":"","footnotes":""},"yoast_head":"<!-- This site is optimized with the Yoast SEO plugin v21.3 - https:\/\/yoast.com\/wordpress\/plugins\/seo\/ -->\n<title>Organizacion - Clm-Inclusiva<\/title>\n<meta name=\"robots\" content=\"index, follow, max-snippet:-1, max-image-preview:large, max-video-preview:-1\" \/>\n<link rel=\"canonical\" href=\"https:\/\/clm-inclusiva.org\/?page_id=4921\" \/>\n<meta property=\"og:locale\" content=\"es_ES\" \/>\n<meta property=\"og:type\" content=\"article\" \/>\n<meta property=\"og:title\" content=\"Organizacion - Clm-Inclusiva\" \/>\n<meta property=\"og:description\" content=\"[et_pb_section fb_built=&#8221;1&#8243; inner_shadow=&#8221;on&#8221; disabled_on=&#8221;off|off|off&#8221; admin_label=&#8221;banner&#8221; _builder_version=&#8221;4.1&#8243; background_color_gradient_direction=&#8221;94deg&#8221; background_enable_image=&#8221;off&#8221; max_width_tablet=&#8221;&#8221; max_width_phone=&#8221;&#8221; max_width_last_edited=&#8221;on|desktop&#8221; min_height=&#8221;0px&#8221; custom_margin=&#8221;0px||0px||false|false&#8221; custom_padding=&#8221;0px|0px|0px|0px|false|false&#8221; top_divider_color=&#8221;#ea6900&#8243; top_divider_height=&#8221;31px&#8221; top_divider_flip=&#8221;horizontal&#8221; top_divider_height_tablet=&#8221;&#8221; top_divider_height_phone=&#8221;&#8221; top_divider_height_last_edited=&#8221;on|desktop&#8221; bottom_divider_color=&#8221;#1119a3&#8243; bottom_divider_height=&#8221;45px&#8221; bottom_divider_flip=&#8221;horizontal&#8221; custom_css_after=&#8221;display: block;||position: absolute;||content: \u201d;||width: 100px;||height: 100px;||bottom: -50px;||left: 50%;||margin-left: -50px;||background-color: #dddddd; \/** cambia tu color ***\/||-ms-transform: rotate(45deg);||-webkit-transform: rotate(45deg);||transform: rotate(45deg);||z-index: 1;&#8221;][et_pb_row _builder_version=&#8221;4.1&#8243; width=&#8221;100%&#8221; max_width=&#8221;100%&#8221; custom_margin=&#8221;0px||||false|false&#8221; custom_padding=&#8221;0px||0px||false|false&#8221;][et_pb_column type=&#8221;4_4&#8243; _builder_version=&#8221;4.1&#8243;][et_pb_text _builder_version=&#8221;4.1&#8243; text_font=&#8221;|600|||||||&#8221; text_text_color=&#8221;#000000&#8243; text_font_size=&#8221;80px&#8221; custom_margin=&#8221;40px||||false|false&#8221;] NUESTRA [&hellip;]\" \/>\n<meta property=\"og:url\" content=\"https:\/\/clm-inclusiva.org\/?page_id=4921\" \/>\n<meta property=\"og:site_name\" content=\"Clm-Inclusiva\" \/>\n<meta property=\"article:publisher\" content=\"https:\/\/www.facebook.com\/castillalamancha.inclusiva\/\" \/>\n<meta property=\"article:modified_time\" content=\"2025-04-04T08:45:26+00:00\" \/>\n<meta name=\"twitter:card\" content=\"summary_large_image\" \/>\n<meta name=\"twitter:site\" content=\"@ClmInclusiva\" \/>\n<meta name=\"twitter:label1\" content=\"Tiempo de lectura\" \/>\n\t<meta name=\"twitter:data1\" content=\"3 minutos\" \/>\n<script type=\"application\/ld+json\" class=\"yoast-schema-graph\">{\"@context\":\"https:\/\/schema.org\",\"@graph\":[{\"@type\":\"WebPage\",\"@id\":\"https:\/\/clm-inclusiva.org\/?page_id=4921\",\"url\":\"https:\/\/clm-inclusiva.org\/?page_id=4921\",\"name\":\"Organizacion - Clm-Inclusiva\",\"isPartOf\":{\"@id\":\"https:\/\/clm-inclusiva.org\/#website\"},\"datePublished\":\"2023-10-02T20:30:40+00:00\",\"dateModified\":\"2025-04-04T08:45:26+00:00\",\"breadcrumb\":{\"@id\":\"https:\/\/clm-inclusiva.org\/?page_id=4921#breadcrumb\"},\"inLanguage\":\"es\",\"potentialAction\":[{\"@type\":\"ReadAction\",\"target\":[\"https:\/\/clm-inclusiva.org\/?page_id=4921\"]}]},{\"@type\":\"BreadcrumbList\",\"@id\":\"https:\/\/clm-inclusiva.org\/?page_id=4921#breadcrumb\",\"itemListElement\":[{\"@type\":\"ListItem\",\"position\":1,\"name\":\"Portada\",\"item\":\"https:\/\/clm-inclusiva.org\/\"},{\"@type\":\"ListItem\",\"position\":2,\"name\":\"Organizacion\"}]},{\"@type\":\"WebSite\",\"@id\":\"https:\/\/clm-inclusiva.org\/#website\",\"url\":\"https:\/\/clm-inclusiva.org\/\",\"name\":\"Clm-Inclusiva\",\"description\":\"Confederaci\u00f3n de entidades de personas con discapacidad f\u00edsica y org\u00e1nica CLM\",\"publisher\":{\"@id\":\"https:\/\/clm-inclusiva.org\/#organization\"},\"potentialAction\":[{\"@type\":\"SearchAction\",\"target\":{\"@type\":\"EntryPoint\",\"urlTemplate\":\"https:\/\/clm-inclusiva.org\/?s={search_term_string}\"},\"query-input\":\"required name=search_term_string\"}],\"inLanguage\":\"es\"},{\"@type\":\"Organization\",\"@id\":\"https:\/\/clm-inclusiva.org\/#organization\",\"name\":\"Clm-Inclusiva\",\"url\":\"https:\/\/clm-inclusiva.org\/\",\"logo\":{\"@type\":\"ImageObject\",\"inLanguage\":\"es\",\"@id\":\"https:\/\/clm-inclusiva.org\/#\/schema\/logo\/image\/\",\"url\":\"http:\/\/clm-inclusiva.org\/wp-content\/uploads\/2019\/04\/banner-e1533720812836.jpg\",\"contentUrl\":\"http:\/\/clm-inclusiva.org\/wp-content\/uploads\/2019\/04\/banner-e1533720812836.jpg\",\"width\":600,\"height\":332,\"caption\":\"Clm-Inclusiva\"},\"image\":{\"@id\":\"https:\/\/clm-inclusiva.org\/#\/schema\/logo\/image\/\"},\"sameAs\":[\"https:\/\/www.facebook.com\/castillalamancha.inclusiva\/\",\"https:\/\/twitter.com\/ClmInclusiva\"]}]}<\/script>\n<!-- \/ Yoast SEO plugin. -->","yoast_head_json":{"title":"Organizacion - Clm-Inclusiva","robots":{"index":"index","follow":"follow","max-snippet":"max-snippet:-1","max-image-preview":"max-image-preview:large","max-video-preview":"max-video-preview:-1"},"canonical":"https:\/\/clm-inclusiva.org\/?page_id=4921","og_locale":"es_ES","og_type":"article","og_title":"Organizacion - Clm-Inclusiva","og_description":"[et_pb_section fb_built=&#8221;1&#8243; inner_shadow=&#8221;on&#8221; disabled_on=&#8221;off|off|off&#8221; admin_label=&#8221;banner&#8221; _builder_version=&#8221;4.1&#8243; background_color_gradient_direction=&#8221;94deg&#8221; background_enable_image=&#8221;off&#8221; max_width_tablet=&#8221;&#8221; max_width_phone=&#8221;&#8221; max_width_last_edited=&#8221;on|desktop&#8221; min_height=&#8221;0px&#8221; custom_margin=&#8221;0px||0px||false|false&#8221; custom_padding=&#8221;0px|0px|0px|0px|false|false&#8221; top_divider_color=&#8221;#ea6900&#8243; top_divider_height=&#8221;31px&#8221; top_divider_flip=&#8221;horizontal&#8221; top_divider_height_tablet=&#8221;&#8221; top_divider_height_phone=&#8221;&#8221; top_divider_height_last_edited=&#8221;on|desktop&#8221; bottom_divider_color=&#8221;#1119a3&#8243; bottom_divider_height=&#8221;45px&#8221; bottom_divider_flip=&#8221;horizontal&#8221; custom_css_after=&#8221;display: block;||position: absolute;||content: \u201d;||width: 100px;||height: 100px;||bottom: -50px;||left: 50%;||margin-left: -50px;||background-color: #dddddd; \/** cambia tu color ***\/||-ms-transform: rotate(45deg);||-webkit-transform: rotate(45deg);||transform: rotate(45deg);||z-index: 1;&#8221;][et_pb_row _builder_version=&#8221;4.1&#8243; width=&#8221;100%&#8221; max_width=&#8221;100%&#8221; custom_margin=&#8221;0px||||false|false&#8221; custom_padding=&#8221;0px||0px||false|false&#8221;][et_pb_column type=&#8221;4_4&#8243; _builder_version=&#8221;4.1&#8243;][et_pb_text _builder_version=&#8221;4.1&#8243; text_font=&#8221;|600|||||||&#8221; text_text_color=&#8221;#000000&#8243; text_font_size=&#8221;80px&#8221; custom_margin=&#8221;40px||||false|false&#8221;] NUESTRA [&hellip;]","og_url":"https:\/\/clm-inclusiva.org\/?page_id=4921","og_site_name":"Clm-Inclusiva","article_publisher":"https:\/\/www.facebook.com\/castillalamancha.inclusiva\/","article_modified_time":"2025-04-04T08:45:26+00:00","twitter_card":"summary_large_image","twitter_site":"@ClmInclusiva","twitter_misc":{"Tiempo de lectura":"3 minutos"},"schema":{"@context":"https:\/\/schema.org","@graph":[{"@type":"WebPage","@id":"https:\/\/clm-inclusiva.org\/?page_id=4921","url":"https:\/\/clm-inclusiva.org\/?page_id=4921","name":"Organizacion - Clm-Inclusiva","isPartOf":{"@id":"https:\/\/clm-inclusiva.org\/#website"},"datePublished":"2023-10-02T20:30:40+00:00","dateModified":"2025-04-04T08:45:26+00:00","breadcrumb":{"@id":"https:\/\/clm-inclusiva.org\/?page_id=4921#breadcrumb"},"inLanguage":"es","potentialAction":[{"@type":"ReadAction","target":["https:\/\/clm-inclusiva.org\/?page_id=4921"]}]},{"@type":"BreadcrumbList","@id":"https:\/\/clm-inclusiva.org\/?page_id=4921#breadcrumb","itemListElement":[{"@type":"ListItem","position":1,"name":"Portada","item":"https:\/\/clm-inclusiva.org\/"},{"@type":"ListItem","position":2,"name":"Organizacion"}]},{"@type":"WebSite","@id":"https:\/\/clm-inclusiva.org\/#website","url":"https:\/\/clm-inclusiva.org\/","name":"Clm-Inclusiva","description":"Confederaci\u00f3n de entidades de personas con discapacidad f\u00edsica y org\u00e1nica CLM","publisher":{"@id":"https:\/\/clm-inclusiva.org\/#organization"},"potentialAction":[{"@type":"SearchAction","target":{"@type":"EntryPoint","urlTemplate":"https:\/\/clm-inclusiva.org\/?s={search_term_string}"},"query-input":"required name=search_term_string"}],"inLanguage":"es"},{"@type":"Organization","@id":"https:\/\/clm-inclusiva.org\/#organization","name":"Clm-Inclusiva","url":"https:\/\/clm-inclusiva.org\/","logo":{"@type":"ImageObject","inLanguage":"es","@id":"https:\/\/clm-inclusiva.org\/#\/schema\/logo\/image\/","url":"http:\/\/clm-inclusiva.org\/wp-content\/uploads\/2019\/04\/banner-e1533720812836.jpg","contentUrl":"http:\/\/clm-inclusiva.org\/wp-content\/uploads\/2019\/04\/banner-e1533720812836.jpg","width":600,"height":332,"caption":"Clm-Inclusiva"},"image":{"@id":"https:\/\/clm-inclusiva.org\/#\/schema\/logo\/image\/"},"sameAs":["https:\/\/www.facebook.com\/castillalamancha.inclusiva\/","https:\/\/twitter.com\/ClmInclusiva"]}]}},"_links":{"self":[{"href":"https:\/\/clm-inclusiva.org\/index.php?rest_route=\/wp\/v2\/pages\/4921"}],"collection":[{"href":"https:\/\/clm-inclusiva.org\/index.php?rest_route=\/wp\/v2\/pages"}],"about":[{"href":"https:\/\/clm-inclusiva.org\/index.php?rest_route=\/wp\/v2\/types\/page"}],"author":[{"embeddable":true,"href":"https:\/\/clm-inclusiva.org\/index.php?rest_route=\/wp\/v2\/users\/1"}],"replies":[{"embeddable":true,"href":"https:\/\/clm-inclusiva.org\/index.php?rest_route=%2Fwp%2Fv2%2Fcomments&post=4921"}],"version-history":[{"count":13,"href":"https:\/\/clm-inclusiva.org\/index.php?rest_route=\/wp\/v2\/pages\/4921\/revisions"}],"predecessor-version":[{"id":5411,"href":"https:\/\/clm-inclusiva.org\/index.php?rest_route=\/wp\/v2\/pages\/4921\/revisions\/5411"}],"wp:attachment":[{"href":"https:\/\/clm-inclusiva.org\/index.php?rest_route=%2Fwp%2Fv2%2Fmedia&parent=4921"}],"curies":[{"name":"wp","href":"https:\/\/api.w.org\/{rel}","templated":true}]}}