{"id":4618,"date":"2023-03-23T08:43:29","date_gmt":"2023-03-23T06:43:29","guid":{"rendered":"http:\/\/clm-inclusiva.org\/?page_id=4618"},"modified":"2025-10-21T15:49:36","modified_gmt":"2025-10-21T13:49:36","slug":"soy-orientador","status":"publish","type":"page","link":"https:\/\/clm-inclusiva.org\/?page_id=4618","title":{"rendered":"Soy orientador"},"content":{"rendered":"<p>[et_pb_section fb_built=&#8221;1&#8243; _builder_version=&#8221;4.1&#8243; background_enable_image=&#8221;off&#8221; background_size=&#8221;contain&#8221; custom_padding=&#8221;0px||0px||false|false&#8221;][et_pb_row _builder_version=&#8221;4.1&#8243; width=&#8221;100%&#8221; max_width=&#8221;100%&#8221;][et_pb_column type=&#8221;4_4&#8243; _builder_version=&#8221;4.1&#8243;][et_pb_text _builder_version=&#8221;4.1&#8243; text_font=&#8221;|700|||||||&#8221; text_text_color=&#8221;#000000&#8243; text_font_size=&#8221;80px&#8221; custom_margin=&#8221;40px||||false|false&#8221;]<\/p>\n<p style=\"text-align: center;\">FORMULARIO DE DERIVACI\u00d3N<\/p>\n<p>[\/et_pb_text][et_pb_divider divider_position=&#8221;center&#8221; divider_weight=&#8221;20px&#8221; _builder_version=&#8221;4.1&#8243; width=&#8221;200px&#8221; module_alignment=&#8221;center&#8221; min_height=&#8221;20px&#8221; height=&#8221;20px&#8221;][\/et_pb_divider][\/et_pb_column][\/et_pb_row][et_pb_row _builder_version=&#8221;4.1&#8243; module_alignment=&#8221;center&#8221; custom_margin=&#8221;0px|0px|0px|0px|false|false&#8221; custom_padding=&#8221;0px|0px|0px|0px|false|false&#8221;][et_pb_column type=&#8221;4_4&#8243; _builder_version=&#8221;4.1&#8243;][et_pb_contact_form email=&#8221;lfernandez@clm-inclusiva.org,formacionyempleo@clm-inclusiva.org&#8221; custom_message=&#8221;\u00bfQui\u00e9n deriva?||et_pb_line_break_holder||||et_pb_line_break_holder||Nombre centro: %%Nombrecentro%%||et_pb_line_break_holder||Nombre orientador: %%Nombreorientador%%||et_pb_line_break_holder||Tel\u00e9fono: %%Telefono%%||et_pb_line_break_holder||Email: %%Email%%||et_pb_line_break_holder||||et_pb_line_break_holder||\u00bfA qui\u00e9n deriva?||et_pb_line_break_holder||||et_pb_line_break_holder||Nombre: %%Nombreaquien%%||et_pb_line_break_holder||Edad: %%Edadaquien%%||et_pb_line_break_holder||G\u00e9nero: %%Generoaquien%%||et_pb_line_break_holder||Localidad: %%Localidadaquien%%||et_pb_line_break_holder||Formaci\u00f3n en curso: %%Formacionaquien%%||et_pb_line_break_holder||Formaci\u00f3n cursada: %%Formacioncuraquien%%||et_pb_line_break_holder||Tipo discapacidad: %%Tipodisaquien%%||et_pb_line_break_holder||Valoraci\u00f3n:||et_pb_line_break_holder||%%Valoracionaquien%%&#8221; success_message=&#8221;Gracias por contactar con nosotros. En breve recibir\u00e1 contestaci\u00f3n&#8221; submit_button_text=&#8221;Enviar formulario&#8221; _builder_version=&#8221;4.1&#8243; title_level=&#8221;h2&#8243; custom_button=&#8221;on&#8221; button_text_size=&#8221;16px&#8221; button_text_color=&#8221;#ffffff&#8221; button_bg_color=&#8221;#F89F56&#8243; button_border_radius=&#8221;25px&#8221; button_use_icon=&#8221;off&#8221; custom_margin=&#8221;80px||||false|false&#8221; hover_enabled=&#8221;0&#8243;][et_pb_contact_field field_id=&#8221;Nombrecentro&#8221; field_title=&#8221;Nombre del centro&#8221; required_mark=&#8221;off&#8221; _builder_version=&#8221;4.1&#8243; custom_css_before=&#8221;content: %22\u00bfQui\u00e9n deriva?%22;||font-size: 20px;||font-weight: 800;&#8221; custom_css_main_element=&#8221;width: 100% !important;&#8221; button_text_size__hover_enabled=&#8221;off&#8221; button_one_text_size__hover_enabled=&#8221;off&#8221; button_two_text_size__hover_enabled=&#8221;off&#8221; button_text_color__hover_enabled=&#8221;off&#8221; button_one_text_color__hover_enabled=&#8221;off&#8221; button_two_text_color__hover_enabled=&#8221;off&#8221; button_border_width__hover_enabled=&#8221;off&#8221; button_one_border_width__hover_enabled=&#8221;off&#8221; button_two_border_width__hover_enabled=&#8221;off&#8221; button_border_color__hover_enabled=&#8221;off&#8221; button_one_border_color__hover_enabled=&#8221;off&#8221; button_two_border_color__hover_enabled=&#8221;off&#8221; button_border_radius__hover_enabled=&#8221;off&#8221; button_one_border_radius__hover_enabled=&#8221;off&#8221; button_two_border_radius__hover_enabled=&#8221;off&#8221; button_letter_spacing__hover_enabled=&#8221;off&#8221; button_one_letter_spacing__hover_enabled=&#8221;off&#8221; button_two_letter_spacing__hover_enabled=&#8221;off&#8221; button_bg_color__hover_enabled=&#8221;off&#8221; button_one_bg_color__hover_enabled=&#8221;off&#8221; button_two_bg_color__hover_enabled=&#8221;off&#8221;][\/et_pb_contact_field][et_pb_contact_field field_id=&#8221;Localidadcentro&#8221; field_title=&#8221;Localidad del centro&#8221; required_mark=&#8221;off&#8221; _builder_version=&#8221;4.1&#8243; custom_css_before=&#8221;content: %22 %22;||font-size: 20px;||font-weight: 800;&#8221; custom_css_main_element=&#8221;width: 100% !important;&#8221; button_text_size__hover_enabled=&#8221;off&#8221; button_one_text_size__hover_enabled=&#8221;off&#8221; button_two_text_size__hover_enabled=&#8221;off&#8221; button_text_color__hover_enabled=&#8221;off&#8221; button_one_text_color__hover_enabled=&#8221;off&#8221; button_two_text_color__hover_enabled=&#8221;off&#8221; button_border_width__hover_enabled=&#8221;off&#8221; button_one_border_width__hover_enabled=&#8221;off&#8221; button_two_border_width__hover_enabled=&#8221;off&#8221; button_border_color__hover_enabled=&#8221;off&#8221; button_one_border_color__hover_enabled=&#8221;off&#8221; button_two_border_color__hover_enabled=&#8221;off&#8221; button_border_radius__hover_enabled=&#8221;off&#8221; button_one_border_radius__hover_enabled=&#8221;off&#8221; button_two_border_radius__hover_enabled=&#8221;off&#8221; button_letter_spacing__hover_enabled=&#8221;off&#8221; button_one_letter_spacing__hover_enabled=&#8221;off&#8221; button_two_letter_spacing__hover_enabled=&#8221;off&#8221; button_bg_color__hover_enabled=&#8221;off&#8221; button_one_bg_color__hover_enabled=&#8221;off&#8221; button_two_bg_color__hover_enabled=&#8221;off&#8221;][\/et_pb_contact_field][et_pb_contact_field field_id=&#8221;Nombreorientador&#8221; field_title=&#8221;Nombre y apellidos del o la orientador\/a o persona que deriva&#8221; required_mark=&#8221;off&#8221; fullwidth_field=&#8221;on&#8221; _builder_version=&#8221;4.1&#8243;][\/et_pb_contact_field][et_pb_contact_field field_id=&#8221;Telefono&#8221; field_title=&#8221;Tel\u00e9fono&#8221; allowed_symbols=&#8221;numbers&#8221; required_mark=&#8221;off&#8221; fullwidth_field=&#8221;on&#8221; _builder_version=&#8221;4.1&#8243;][\/et_pb_contact_field][et_pb_contact_field field_id=&#8221;Email&#8221; field_title=&#8221;Email*&#8221; field_type=&#8221;email&#8221; fullwidth_field=&#8221;on&#8221; _builder_version=&#8221;4.1&#8243; button_text_size__hover_enabled=&#8221;off&#8221; button_one_text_size__hover_enabled=&#8221;off&#8221; button_two_text_size__hover_enabled=&#8221;off&#8221; button_text_color__hover_enabled=&#8221;off&#8221; button_one_text_color__hover_enabled=&#8221;off&#8221; button_two_text_color__hover_enabled=&#8221;off&#8221; button_border_width__hover_enabled=&#8221;off&#8221; button_one_border_width__hover_enabled=&#8221;off&#8221; button_two_border_width__hover_enabled=&#8221;off&#8221; button_border_color__hover_enabled=&#8221;off&#8221; button_one_border_color__hover_enabled=&#8221;off&#8221; button_two_border_color__hover_enabled=&#8221;off&#8221; button_border_radius__hover_enabled=&#8221;off&#8221; button_one_border_radius__hover_enabled=&#8221;off&#8221; button_two_border_radius__hover_enabled=&#8221;off&#8221; button_letter_spacing__hover_enabled=&#8221;off&#8221; button_one_letter_spacing__hover_enabled=&#8221;off&#8221; button_two_letter_spacing__hover_enabled=&#8221;off&#8221; button_bg_color__hover_enabled=&#8221;off&#8221; button_one_bg_color__hover_enabled=&#8221;off&#8221; button_two_bg_color__hover_enabled=&#8221;off&#8221;][\/et_pb_contact_field][et_pb_contact_field field_id=&#8221;Nombreaquien&#8221; field_title=&#8221;Nombre y apellidos&#8221; required_mark=&#8221;off&#8221; fullwidth_field=&#8221;on&#8221; _builder_version=&#8221;4.1&#8243; custom_css_before=&#8221;content: %22\u00bfA qui\u00e9n derivas?%22;||font-size: 20px;||font-weight: 800;&#8221; custom_css_main_element=&#8221;margin-top: 40px;&#8221;][\/et_pb_contact_field][et_pb_contact_field field_id=&#8221;Edadaquien&#8221; field_title=&#8221;Edad&#8221; required_mark=&#8221;off&#8221; fullwidth_field=&#8221;on&#8221; _builder_version=&#8221;4.1&#8243;][\/et_pb_contact_field][et_pb_contact_field field_id=&#8221;Generoaquien&#8221; field_title=&#8221;G\u00e9nero&#8221; required_mark=&#8221;off&#8221; fullwidth_field=&#8221;on&#8221; _builder_version=&#8221;4.1&#8243;][\/et_pb_contact_field][et_pb_contact_field field_id=&#8221;Localidadaquien&#8221; field_title=&#8221;Localidad de residencia&#8221; required_mark=&#8221;off&#8221; fullwidth_field=&#8221;on&#8221; _builder_version=&#8221;4.1&#8243;][\/et_pb_contact_field][et_pb_contact_field field_id=&#8221;Formacionaquien&#8221; field_title=&#8221;Formaci\u00f3n en curso&#8221; required_mark=&#8221;off&#8221; fullwidth_field=&#8221;on&#8221; _builder_version=&#8221;4.1&#8243;][\/et_pb_contact_field][et_pb_contact_field field_id=&#8221;Formacioncuraquien&#8221; field_title=&#8221;Formaci\u00f3n cursada&#8221; required_mark=&#8221;off&#8221; fullwidth_field=&#8221;on&#8221; _builder_version=&#8221;4.1&#8243;][\/et_pb_contact_field][et_pb_contact_field field_id=&#8221;Tipodisaquien&#8221; field_title=&#8221;Tipo de discapacidad y grado&#8221; required_mark=&#8221;off&#8221; fullwidth_field=&#8221;on&#8221; _builder_version=&#8221;4.1&#8243;][\/et_pb_contact_field][et_pb_contact_field field_id=&#8221;Valoracionaquien&#8221; field_title=&#8221;Breve valoraci\u00f3n del profesional que deriva. Ind\u00edcanos las principales caracter\u00edsticas del alumno\/a y necesidades detectadas&#8221; field_type=&#8221;text&#8221; required_mark=&#8221;off&#8221; fullwidth_field=&#8221;on&#8221; _builder_version=&#8221;4.1&#8243;][\/et_pb_contact_field][et_pb_contact_field field_id=&#8221;Privacidad&#8221; field_title=&#8221;Protecci\u00f3n de datos y privacidad&#8221; field_type=&#8221;checkbox&#8221; checkbox_options=&#8221;%91{%22value%22:%22He le\u00eddo y acepto la %22,%22checked%22:0,%22dragID%22:-1,%22link_url%22:%22\/?page_id=1529\/%22,%22link_text%22:%22pol\u00edtica de privacidad%22}%93&#8243; fullwidth_field=&#8221;on&#8221; _builder_version=&#8221;4.1&#8243;][\/et_pb_contact_field][\/et_pb_contact_form][\/et_pb_column][\/et_pb_row][\/et_pb_section]<\/p>\n","protected":false},"excerpt":{"rendered":"<p>[et_pb_section fb_built=&#8221;1&#8243; _builder_version=&#8221;4.1&#8243; background_enable_image=&#8221;off&#8221; background_size=&#8221;contain&#8221; custom_padding=&#8221;0px||0px||false|false&#8221;][et_pb_row _builder_version=&#8221;4.1&#8243; width=&#8221;100%&#8221; max_width=&#8221;100%&#8221;][et_pb_column type=&#8221;4_4&#8243; _builder_version=&#8221;4.1&#8243;][et_pb_text _builder_version=&#8221;4.1&#8243; text_font=&#8221;|700|||||||&#8221; text_text_color=&#8221;#000000&#8243; text_font_size=&#8221;80px&#8221; custom_margin=&#8221;40px||||false|false&#8221;] FORMULARIO DE DERIVACI\u00d3N [\/et_pb_text][et_pb_divider divider_position=&#8221;center&#8221; divider_weight=&#8221;20px&#8221; _builder_version=&#8221;4.1&#8243; width=&#8221;200px&#8221; module_alignment=&#8221;center&#8221; min_height=&#8221;20px&#8221; height=&#8221;20px&#8221;][\/et_pb_divider][\/et_pb_column][\/et_pb_row][et_pb_row _builder_version=&#8221;4.1&#8243; module_alignment=&#8221;center&#8221; custom_margin=&#8221;0px|0px|0px|0px|false|false&#8221; custom_padding=&#8221;0px|0px|0px|0px|false|false&#8221;][et_pb_column type=&#8221;4_4&#8243; _builder_version=&#8221;4.1&#8243;][et_pb_contact_form email=&#8221;lfernandez@clm-inclusiva.org,formacionyempleo@clm-inclusiva.org&#8221; custom_message=&#8221;\u00bfQui\u00e9n deriva?||et_pb_line_break_holder||||et_pb_line_break_holder||Nombre centro: %%Nombrecentro%%||et_pb_line_break_holder||Nombre orientador: %%Nombreorientador%%||et_pb_line_break_holder||Tel\u00e9fono: %%Telefono%%||et_pb_line_break_holder||Email: %%Email%%||et_pb_line_break_holder||||et_pb_line_break_holder||\u00bfA qui\u00e9n deriva?||et_pb_line_break_holder||||et_pb_line_break_holder||Nombre: %%Nombreaquien%%||et_pb_line_break_holder||Edad: %%Edadaquien%%||et_pb_line_break_holder||G\u00e9nero: %%Generoaquien%%||et_pb_line_break_holder||Localidad: %%Localidadaquien%%||et_pb_line_break_holder||Formaci\u00f3n en curso: %%Formacionaquien%%||et_pb_line_break_holder||Formaci\u00f3n cursada: %%Formacioncuraquien%%||et_pb_line_break_holder||Tipo discapacidad: %%Tipodisaquien%%||et_pb_line_break_holder||Valoraci\u00f3n:||et_pb_line_break_holder||%%Valoracionaquien%%&#8221; [&hellip;]<\/p>\n","protected":false},"author":1,"featured_media":0,"parent":0,"menu_order":0,"comment_status":"closed","ping_status":"closed","template":"","meta":{"_et_pb_use_builder":"on","_et_pb_old_content":"","_et_gb_content_width":"","footnotes":""},"yoast_head":"<!-- This site is optimized with the Yoast SEO plugin v21.3 - https:\/\/yoast.com\/wordpress\/plugins\/seo\/ -->\n<title>Soy orientador - Clm-Inclusiva<\/title>\n<meta name=\"robots\" content=\"index, follow, max-snippet:-1, max-image-preview:large, max-video-preview:-1\" \/>\n<link rel=\"canonical\" href=\"https:\/\/clm-inclusiva.org\/?page_id=4618\" \/>\n<meta property=\"og:locale\" content=\"es_ES\" \/>\n<meta property=\"og:type\" content=\"article\" \/>\n<meta property=\"og:title\" content=\"Soy orientador - Clm-Inclusiva\" \/>\n<meta property=\"og:description\" content=\"[et_pb_section fb_built=&#8221;1&#8243; _builder_version=&#8221;4.1&#8243; background_enable_image=&#8221;off&#8221; background_size=&#8221;contain&#8221; custom_padding=&#8221;0px||0px||false|false&#8221;][et_pb_row _builder_version=&#8221;4.1&#8243; width=&#8221;100%&#8221; max_width=&#8221;100%&#8221;][et_pb_column type=&#8221;4_4&#8243; _builder_version=&#8221;4.1&#8243;][et_pb_text _builder_version=&#8221;4.1&#8243; text_font=&#8221;|700|||||||&#8221; text_text_color=&#8221;#000000&#8243; text_font_size=&#8221;80px&#8221; custom_margin=&#8221;40px||||false|false&#8221;] FORMULARIO DE DERIVACI\u00d3N [\/et_pb_text][et_pb_divider divider_position=&#8221;center&#8221; divider_weight=&#8221;20px&#8221; _builder_version=&#8221;4.1&#8243; width=&#8221;200px&#8221; module_alignment=&#8221;center&#8221; min_height=&#8221;20px&#8221; height=&#8221;20px&#8221;][\/et_pb_divider][\/et_pb_column][\/et_pb_row][et_pb_row _builder_version=&#8221;4.1&#8243; module_alignment=&#8221;center&#8221; custom_margin=&#8221;0px|0px|0px|0px|false|false&#8221; custom_padding=&#8221;0px|0px|0px|0px|false|false&#8221;][et_pb_column type=&#8221;4_4&#8243; _builder_version=&#8221;4.1&#8243;][et_pb_contact_form email=&#8221;lfernandez@clm-inclusiva.org,formacionyempleo@clm-inclusiva.org&#8221; custom_message=&#8221;\u00bfQui\u00e9n deriva?||et_pb_line_break_holder||||et_pb_line_break_holder||Nombre centro: ||et_pb_line_break_holder||Nombre orientador: ||et_pb_line_break_holder||Tel\u00e9fono: ||et_pb_line_break_holder||Email: ||et_pb_line_break_holder||||et_pb_line_break_holder||\u00bfA qui\u00e9n deriva?||et_pb_line_break_holder||||et_pb_line_break_holder||Nombre: ||et_pb_line_break_holder||Edad: ||et_pb_line_break_holder||G\u00e9nero: ||et_pb_line_break_holder||Localidad: ||et_pb_line_break_holder||Formaci\u00f3n en curso: ||et_pb_line_break_holder||Formaci\u00f3n cursada: ||et_pb_line_break_holder||Tipo discapacidad: ||et_pb_line_break_holder||Valoraci\u00f3n:||et_pb_line_break_holder||&#8221; [&hellip;]\" \/>\n<meta property=\"og:url\" content=\"https:\/\/clm-inclusiva.org\/?page_id=4618\" \/>\n<meta property=\"og:site_name\" content=\"Clm-Inclusiva\" \/>\n<meta property=\"article:publisher\" content=\"https:\/\/www.facebook.com\/castillalamancha.inclusiva\/\" \/>\n<meta property=\"article:modified_time\" content=\"2025-10-21T13:49:36+00:00\" \/>\n<meta name=\"twitter:card\" content=\"summary_large_image\" \/>\n<meta name=\"twitter:site\" content=\"@ClmInclusiva\" \/>\n<meta name=\"twitter:label1\" content=\"Tiempo de lectura\" \/>\n\t<meta name=\"twitter:data1\" content=\"2 minutos\" \/>\n<script type=\"application\/ld+json\" class=\"yoast-schema-graph\">{\"@context\":\"https:\/\/schema.org\",\"@graph\":[{\"@type\":\"WebPage\",\"@id\":\"https:\/\/clm-inclusiva.org\/?page_id=4618\",\"url\":\"https:\/\/clm-inclusiva.org\/?page_id=4618\",\"name\":\"Soy orientador - Clm-Inclusiva\",\"isPartOf\":{\"@id\":\"https:\/\/clm-inclusiva.org\/#website\"},\"datePublished\":\"2023-03-23T06:43:29+00:00\",\"dateModified\":\"2025-10-21T13:49:36+00:00\",\"breadcrumb\":{\"@id\":\"https:\/\/clm-inclusiva.org\/?page_id=4618#breadcrumb\"},\"inLanguage\":\"es\",\"potentialAction\":[{\"@type\":\"ReadAction\",\"target\":[\"https:\/\/clm-inclusiva.org\/?page_id=4618\"]}]},{\"@type\":\"BreadcrumbList\",\"@id\":\"https:\/\/clm-inclusiva.org\/?page_id=4618#breadcrumb\",\"itemListElement\":[{\"@type\":\"ListItem\",\"position\":1,\"name\":\"Portada\",\"item\":\"https:\/\/clm-inclusiva.org\/\"},{\"@type\":\"ListItem\",\"position\":2,\"name\":\"Soy orientador\"}]},{\"@type\":\"WebSite\",\"@id\":\"https:\/\/clm-inclusiva.org\/#website\",\"url\":\"https:\/\/clm-inclusiva.org\/\",\"name\":\"Clm-Inclusiva\",\"description\":\"Confederaci\u00f3n de entidades de personas con discapacidad f\u00edsica y org\u00e1nica CLM\",\"publisher\":{\"@id\":\"https:\/\/clm-inclusiva.org\/#organization\"},\"potentialAction\":[{\"@type\":\"SearchAction\",\"target\":{\"@type\":\"EntryPoint\",\"urlTemplate\":\"https:\/\/clm-inclusiva.org\/?s={search_term_string}\"},\"query-input\":\"required name=search_term_string\"}],\"inLanguage\":\"es\"},{\"@type\":\"Organization\",\"@id\":\"https:\/\/clm-inclusiva.org\/#organization\",\"name\":\"Clm-Inclusiva\",\"url\":\"https:\/\/clm-inclusiva.org\/\",\"logo\":{\"@type\":\"ImageObject\",\"inLanguage\":\"es\",\"@id\":\"https:\/\/clm-inclusiva.org\/#\/schema\/logo\/image\/\",\"url\":\"http:\/\/clm-inclusiva.org\/wp-content\/uploads\/2019\/04\/banner-e1533720812836.jpg\",\"contentUrl\":\"http:\/\/clm-inclusiva.org\/wp-content\/uploads\/2019\/04\/banner-e1533720812836.jpg\",\"width\":600,\"height\":332,\"caption\":\"Clm-Inclusiva\"},\"image\":{\"@id\":\"https:\/\/clm-inclusiva.org\/#\/schema\/logo\/image\/\"},\"sameAs\":[\"https:\/\/www.facebook.com\/castillalamancha.inclusiva\/\",\"https:\/\/twitter.com\/ClmInclusiva\"]}]}<\/script>\n<!-- \/ Yoast SEO plugin. -->","yoast_head_json":{"title":"Soy orientador - Clm-Inclusiva","robots":{"index":"index","follow":"follow","max-snippet":"max-snippet:-1","max-image-preview":"max-image-preview:large","max-video-preview":"max-video-preview:-1"},"canonical":"https:\/\/clm-inclusiva.org\/?page_id=4618","og_locale":"es_ES","og_type":"article","og_title":"Soy orientador - Clm-Inclusiva","og_description":"[et_pb_section fb_built=&#8221;1&#8243; _builder_version=&#8221;4.1&#8243; background_enable_image=&#8221;off&#8221; background_size=&#8221;contain&#8221; custom_padding=&#8221;0px||0px||false|false&#8221;][et_pb_row _builder_version=&#8221;4.1&#8243; width=&#8221;100%&#8221; max_width=&#8221;100%&#8221;][et_pb_column type=&#8221;4_4&#8243; _builder_version=&#8221;4.1&#8243;][et_pb_text _builder_version=&#8221;4.1&#8243; text_font=&#8221;|700|||||||&#8221; text_text_color=&#8221;#000000&#8243; text_font_size=&#8221;80px&#8221; custom_margin=&#8221;40px||||false|false&#8221;] FORMULARIO DE DERIVACI\u00d3N [\/et_pb_text][et_pb_divider divider_position=&#8221;center&#8221; divider_weight=&#8221;20px&#8221; _builder_version=&#8221;4.1&#8243; width=&#8221;200px&#8221; module_alignment=&#8221;center&#8221; min_height=&#8221;20px&#8221; height=&#8221;20px&#8221;][\/et_pb_divider][\/et_pb_column][\/et_pb_row][et_pb_row _builder_version=&#8221;4.1&#8243; module_alignment=&#8221;center&#8221; custom_margin=&#8221;0px|0px|0px|0px|false|false&#8221; custom_padding=&#8221;0px|0px|0px|0px|false|false&#8221;][et_pb_column type=&#8221;4_4&#8243; _builder_version=&#8221;4.1&#8243;][et_pb_contact_form email=&#8221;lfernandez@clm-inclusiva.org,formacionyempleo@clm-inclusiva.org&#8221; custom_message=&#8221;\u00bfQui\u00e9n deriva?||et_pb_line_break_holder||||et_pb_line_break_holder||Nombre centro: ||et_pb_line_break_holder||Nombre orientador: ||et_pb_line_break_holder||Tel\u00e9fono: ||et_pb_line_break_holder||Email: ||et_pb_line_break_holder||||et_pb_line_break_holder||\u00bfA qui\u00e9n deriva?||et_pb_line_break_holder||||et_pb_line_break_holder||Nombre: ||et_pb_line_break_holder||Edad: ||et_pb_line_break_holder||G\u00e9nero: ||et_pb_line_break_holder||Localidad: ||et_pb_line_break_holder||Formaci\u00f3n en curso: ||et_pb_line_break_holder||Formaci\u00f3n cursada: ||et_pb_line_break_holder||Tipo discapacidad: ||et_pb_line_break_holder||Valoraci\u00f3n:||et_pb_line_break_holder||&#8221; [&hellip;]","og_url":"https:\/\/clm-inclusiva.org\/?page_id=4618","og_site_name":"Clm-Inclusiva","article_publisher":"https:\/\/www.facebook.com\/castillalamancha.inclusiva\/","article_modified_time":"2025-10-21T13:49:36+00:00","twitter_card":"summary_large_image","twitter_site":"@ClmInclusiva","twitter_misc":{"Tiempo de lectura":"2 minutos"},"schema":{"@context":"https:\/\/schema.org","@graph":[{"@type":"WebPage","@id":"https:\/\/clm-inclusiva.org\/?page_id=4618","url":"https:\/\/clm-inclusiva.org\/?page_id=4618","name":"Soy orientador - Clm-Inclusiva","isPartOf":{"@id":"https:\/\/clm-inclusiva.org\/#website"},"datePublished":"2023-03-23T06:43:29+00:00","dateModified":"2025-10-21T13:49:36+00:00","breadcrumb":{"@id":"https:\/\/clm-inclusiva.org\/?page_id=4618#breadcrumb"},"inLanguage":"es","potentialAction":[{"@type":"ReadAction","target":["https:\/\/clm-inclusiva.org\/?page_id=4618"]}]},{"@type":"BreadcrumbList","@id":"https:\/\/clm-inclusiva.org\/?page_id=4618#breadcrumb","itemListElement":[{"@type":"ListItem","position":1,"name":"Portada","item":"https:\/\/clm-inclusiva.org\/"},{"@type":"ListItem","position":2,"name":"Soy orientador"}]},{"@type":"WebSite","@id":"https:\/\/clm-inclusiva.org\/#website","url":"https:\/\/clm-inclusiva.org\/","name":"Clm-Inclusiva","description":"Confederaci\u00f3n de entidades de personas con discapacidad f\u00edsica y org\u00e1nica CLM","publisher":{"@id":"https:\/\/clm-inclusiva.org\/#organization"},"potentialAction":[{"@type":"SearchAction","target":{"@type":"EntryPoint","urlTemplate":"https:\/\/clm-inclusiva.org\/?s={search_term_string}"},"query-input":"required name=search_term_string"}],"inLanguage":"es"},{"@type":"Organization","@id":"https:\/\/clm-inclusiva.org\/#organization","name":"Clm-Inclusiva","url":"https:\/\/clm-inclusiva.org\/","logo":{"@type":"ImageObject","inLanguage":"es","@id":"https:\/\/clm-inclusiva.org\/#\/schema\/logo\/image\/","url":"http:\/\/clm-inclusiva.org\/wp-content\/uploads\/2019\/04\/banner-e1533720812836.jpg","contentUrl":"http:\/\/clm-inclusiva.org\/wp-content\/uploads\/2019\/04\/banner-e1533720812836.jpg","width":600,"height":332,"caption":"Clm-Inclusiva"},"image":{"@id":"https:\/\/clm-inclusiva.org\/#\/schema\/logo\/image\/"},"sameAs":["https:\/\/www.facebook.com\/castillalamancha.inclusiva\/","https:\/\/twitter.com\/ClmInclusiva"]}]}},"_links":{"self":[{"href":"https:\/\/clm-inclusiva.org\/index.php?rest_route=\/wp\/v2\/pages\/4618"}],"collection":[{"href":"https:\/\/clm-inclusiva.org\/index.php?rest_route=\/wp\/v2\/pages"}],"about":[{"href":"https:\/\/clm-inclusiva.org\/index.php?rest_route=\/wp\/v2\/types\/page"}],"author":[{"embeddable":true,"href":"https:\/\/clm-inclusiva.org\/index.php?rest_route=\/wp\/v2\/users\/1"}],"replies":[{"embeddable":true,"href":"https:\/\/clm-inclusiva.org\/index.php?rest_route=%2Fwp%2Fv2%2Fcomments&post=4618"}],"version-history":[{"count":20,"href":"https:\/\/clm-inclusiva.org\/index.php?rest_route=\/wp\/v2\/pages\/4618\/revisions"}],"predecessor-version":[{"id":5699,"href":"https:\/\/clm-inclusiva.org\/index.php?rest_route=\/wp\/v2\/pages\/4618\/revisions\/5699"}],"wp:attachment":[{"href":"https:\/\/clm-inclusiva.org\/index.php?rest_route=%2Fwp%2Fv2%2Fmedia&parent=4618"}],"curies":[{"name":"wp","href":"https:\/\/api.w.org\/{rel}","templated":true}]}}